{"id":186,"date":"2020-01-13T15:13:26","date_gmt":"2020-01-13T14:13:26","guid":{"rendered":"https:\/\/trocis-showroom.de\/allcool\/?page_id=186"},"modified":"2022-07-24T14:33:26","modified_gmt":"2022-07-24T12:33:26","slug":"vermietung","status":"publish","type":"page","link":"https:\/\/trocis-showroom.de\/allcool\/vermietung\/","title":{"rendered":"Vermietung"},"content":{"rendered":"<p>[et_pb_section fb_built=&#8220;1&#8243; fullwidth=&#8220;on&#8220; admin_label=&#8220;Header&#8220; _builder_version=&#8220;4.14.7&#8243; _module_preset=&#8220;default&#8220; global_module=&#8220;1036&#8243; saved_tabs=&#8220;all&#8220; global_colors_info=&#8220;{}&#8220;][et_pb_fullwidth_image src=&#8220;https:\/\/trocis-showroom.de\/allcool\/wp-content\/uploads\/sites\/4\/2022\/02\/header-bahnschrift.png&#8220; title_text=&#8220;header-bahnschrift&#8220; admin_label=&#8220;Polarlicht mit Logo + Slogan&#8220; _builder_version=&#8220;4.16&#8243; _module_preset=&#8220;default&#8220; global_colors_info=&#8220;{}&#8220;][\/et_pb_fullwidth_image][\/et_pb_section][et_pb_section fb_built=&#8220;1&#8243; admin_label=&#8220;Seiten-\u00dcberschrift&#8220; _builder_version=&#8220;4.16&#8243; _module_preset=&#8220;default&#8220; custom_margin=&#8220;||0px||false|false&#8220; custom_padding=&#8220;||0px||false|false&#8220; custom_css_main_element=&#8220;margin-top: 0px;||padding-top: 0px;&#8220; locked=&#8220;off&#8220; global_colors_info=&#8220;{}&#8220;][et_pb_row column_padding_mobile=&#8220;on&#8220; admin_label=&#8220;Seiten-\u00dcberschrift&#8220; _builder_version=&#8220;4.16&#8243; background_size=&#8220;initial&#8220; background_position=&#8220;top_left&#8220; background_repeat=&#8220;repeat&#8220; custom_padding=&#8220;30px||30px||false|false&#8220; locked=&#8220;off&#8220; global_colors_info=&#8220;{}&#8220;][et_pb_column type=&#8220;4_4&#8243; _builder_version=&#8220;4.16&#8243; custom_padding=&#8220;|||&#8220; global_colors_info=&#8220;{}&#8220; custom_padding__hover=&#8220;|||&#8220;][et_pb_blurb title=&#8220;Vermietung&#8220; admin_label=&#8220;\u00dcberschrift&#8220; _builder_version=&#8220;4.17.4&#8243; header_font=&#8220;|700|||||||&#8220; header_text_color=&#8220;#2e75b6&#8243; header_font_size=&#8220;20px&#8220; header_letter_spacing=&#8220;1px&#8220; header_line_height=&#8220;1.6em&#8220; body_text_color=&#8220;#606060&#8243; body_font_size=&#8220;16px&#8220; background_size=&#8220;initial&#8220; background_position=&#8220;top_left&#8220; background_repeat=&#8220;repeat&#8220; text_orientation=&#8220;center&#8220; custom_margin=&#8220;||||false|false&#8220; custom_padding=&#8220;20px||||false|false&#8220; use_border_color=&#8220;off&#8220; border_color=&#8220;#ffffff&#8220; border_width=&#8220;1px&#8220; border_style=&#8220;solid&#8220; global_colors_info=&#8220;{}&#8220;][\/et_pb_blurb][\/et_pb_column][\/et_pb_row][\/et_pb_section][et_pb_section fb_built=&#8220;1&#8243; admin_label=&#8220;Vermietung K\u00fchlger\u00e4te\/Tiefk\u00fchlger\u00e4te\/Luftreiniger&#8220; _builder_version=&#8220;4.17.6&#8243; _module_preset=&#8220;default&#8220; background_enable_color=&#8220;off&#8220; custom_padding=&#8220;30px||30px||false|false&#8220; custom_css_main_element=&#8220;margin-top: 0px;||padding-top: 0px;&#8220; locked=&#8220;off&#8220; global_colors_info=&#8220;{}&#8220;][et_pb_row column_structure=&#8220;1_2,1_2&#8243; admin_label=&#8220;Vermietung K\u00fchlger\u00e4te\/Tiefk\u00fchlger\u00e4te\/Luftreiniger&#8220; _builder_version=&#8220;4.17.6&#8243; _module_preset=&#8220;default&#8220; min_height=&#8220;315px&#8220; custom_padding=&#8220;||||false|false&#8220; global_colors_info=&#8220;{}&#8220;][et_pb_column type=&#8220;1_2&#8243; _builder_version=&#8220;4.16&#8243; _module_preset=&#8220;default&#8220; custom_padding=&#8220;|0px|||false|false&#8220; global_colors_info=&#8220;{}&#8220;][et_pb_text admin_label=&#8220;K\u00fchlger\u00e4te\/Tiefk\u00fchlger\u00e4te&#8220; _builder_version=&#8220;4.17.6&#8243; _module_preset=&#8220;default&#8220; header_3_font=&#8220;|700|||||||&#8220; header_3_text_align=&#8220;center&#8220; header_3_text_color=&#8220;#2e75b6&#8243; header_3_font_size=&#8220;20px&#8220; header_4_font=&#8220;|700|||||||&#8220; header_4_text_align=&#8220;left&#8220; header_4_text_color=&#8220;#2e75b6&#8243; header_4_font_size=&#8220;16px&#8220; header_4_line_height=&#8220;1.7em&#8220; custom_margin=&#8220;|0px|||false|false&#8220; custom_margin_tablet=&#8220;|0px||0px|false|false&#8220; custom_margin_phone=&#8220;|0px|||false|false&#8220; custom_margin_last_edited=&#8220;on|desktop&#8220; global_colors_info=&#8220;{}&#8220;]<\/p>\n<h4>Vermietung von K\u00fchlger\u00e4ten und Tiefk\u00fchlger\u00e4ten<\/h4>\n<p>Wir vermieten hochwertige, neue\/neuwertige K\u00fchlger\u00e4te und Tiefk\u00fchlger\u00e4te f\u00fcr alle Messen, Ausstellungen, Promotions, Hausmessen sowie alle sonstigen Veranstaltungen und bieten auch Langzeitvermietungen zum Beispiel bei Umbau oder Renovierungen an.<\/p>\n<p>Die Lieferungen erfolgen zeitgenau an jeden Ort in ganz Deutschland und in vielen anderen L\u00e4ndern Europas.<\/p>\n<p>[\/et_pb_text][et_pb_image src=&#8220;https:\/\/trocis-showroom.de\/allcool\/wp-content\/uploads\/sites\/4\/2022\/05\/vermietung-kuehlgeraete.png&#8220; title_text=&#8220;vermietung-kuehlgeraete&#8220; _builder_version=&#8220;4.17.4&#8243; _module_preset=&#8220;default&#8220; global_colors_info=&#8220;{}&#8220;][\/et_pb_image][et_pb_text admin_label=&#8220;K\u00fchlger\u00e4te\/Tiefk\u00fchlger\u00e4te&#8220; _builder_version=&#8220;4.17.6&#8243; _module_preset=&#8220;default&#8220; header_3_font=&#8220;|700|||||||&#8220; header_3_text_align=&#8220;center&#8220; header_3_text_color=&#8220;#2e75b6&#8243; header_3_font_size=&#8220;20px&#8220; header_4_font=&#8220;|700|||||||&#8220; header_4_text_align=&#8220;left&#8220; header_4_text_color=&#8220;#2e75b6&#8243; header_4_font_size=&#8220;16px&#8220; header_4_line_height=&#8220;1.7em&#8220; custom_margin=&#8220;|0px|||false|false&#8220; custom_margin_tablet=&#8220;|0px||0px|false|false&#8220; custom_margin_phone=&#8220;|0px|||false|false&#8220; custom_margin_last_edited=&#8220;on|desktop&#8220; global_colors_info=&#8220;{}&#8220;]<\/p>\n<p>Finden Sie das passende K\u00fchl- und Tiefk\u00fchlger\u00e4t f\u00fcr Ihre Veranstaltung oder Messe in unserem\u00a0<a href=\"https:\/\/trocis-showroom.de\/allcool\/mietkatalog\/\"><strong>Mietkatalog<\/strong><\/a>.<\/p>\n<p>F\u00fcr weitere Fragen setzen Sie sich bitte telefonisch mit uns in Verbindung oder nutzen Sie unser\u00a0<strong><a href=\"https:\/\/trocis-showroom.de\/allcool\/kontakt\/\">Kontaktformular<\/a><\/strong>.<\/p>\n<p>Bestellungen von Mietger\u00e4ten k\u00f6nnen Sie direkt und bequem \u00fcber das <strong><a href=\"https:\/\/trocis-showroom.de\/allcool\/bestellung-mietgeraete\/\">Bestellformular <\/a><\/strong>durchf\u00fchren.<\/p>\n<p>&nbsp;<\/p>\n<p>[\/et_pb_text][\/et_pb_column][et_pb_column type=&#8220;1_2&#8243; _builder_version=&#8220;4.16&#8243; _module_preset=&#8220;default&#8220; custom_padding=&#8220;|||0px|false|false&#8220; global_colors_info=&#8220;{}&#8220;][et_pb_text admin_label=&#8220;Luftreiniger HEPA&#8220; _builder_version=&#8220;4.17.6&#8243; _module_preset=&#8220;default&#8220; header_3_font=&#8220;|700|||||||&#8220; header_3_text_align=&#8220;center&#8220; header_3_text_color=&#8220;#2e75b6&#8243; header_3_font_size=&#8220;20px&#8220; header_4_font=&#8220;|700|||||||&#8220; header_4_text_align=&#8220;left&#8220; header_4_text_color=&#8220;#2e75b6&#8243; header_4_font_size=&#8220;16px&#8220; header_4_line_height=&#8220;1.7em&#8220; custom_margin=&#8220;|0px|||false|false&#8220; custom_margin_tablet=&#8220;|0px||0px|false|false&#8220; custom_margin_phone=&#8220;|0px|||false|false&#8220; custom_margin_last_edited=&#8220;on|desktop&#8220; global_colors_info=&#8220;{}&#8220;]<\/p>\n<h4>Vermietung von Luftreinigern<\/h4>\n<p>Wir vermieten Luftreiniger mit HEPA14 Filtersystem\u00a0 und UV-C Technik.<\/p>\n<p><strong>HEPA 14 Filtersystem<\/strong><\/p>\n<p>[\/et_pb_text][et_pb_image src=&#8220;https:\/\/trocis-showroom.de\/allcool\/wp-content\/uploads\/sites\/4\/2022\/05\/hepafilter.png&#8220; title_text=&#8220;hepafilter&#8220; _builder_version=&#8220;4.17.4&#8243; _module_preset=&#8220;default&#8220; global_colors_info=&#8220;{}&#8220;][\/et_pb_image][et_pb_text admin_label=&#8220;Luftreiniger HEPA&#8220; _builder_version=&#8220;4.17.6&#8243; _module_preset=&#8220;default&#8220; header_3_font=&#8220;|700|||||||&#8220; header_3_text_align=&#8220;center&#8220; header_3_text_color=&#8220;#2e75b6&#8243; header_3_font_size=&#8220;20px&#8220; header_4_font=&#8220;|700|||||||&#8220; header_4_text_align=&#8220;left&#8220; header_4_text_color=&#8220;#2e75b6&#8243; header_4_font_size=&#8220;16px&#8220; header_4_line_height=&#8220;1.7em&#8220; custom_margin=&#8220;|0px|||false|false&#8220; custom_margin_tablet=&#8220;|0px||0px|false|false&#8220; custom_margin_phone=&#8220;|0px|||false|false&#8220; custom_margin_last_edited=&#8220;on|desktop&#8220; global_colors_info=&#8220;{}&#8220;]<\/p>\n<p><strong>5-Stufen-Filtration<\/strong>:<br \/>1. G4-Vorfilter im Ansaugbereich<br \/>2. F7-Feinfilter als Kassettenfilter<br \/>3. H-14-Hochleistungsfilter<br \/>als Kassettenfilter<br \/>4. Aktivkohlefilter<br \/>5. Nachfilter als Sicherheitsfilterstufe<\/p>\n<p>Reduziert Ger\u00fcche, Bakterien, Keime, Pollen, Sporen und Viren in der Raumluft!<\/p>\n<p>[\/et_pb_text][et_pb_text admin_label=&#8220;Luftreiniger UV-C Technik&#8220; _builder_version=&#8220;4.17.6&#8243; _module_preset=&#8220;default&#8220; header_3_font=&#8220;|700|||||||&#8220; header_3_text_align=&#8220;center&#8220; header_3_text_color=&#8220;#2e75b6&#8243; header_3_font_size=&#8220;20px&#8220; header_4_font=&#8220;|700|||||||&#8220; header_4_text_align=&#8220;left&#8220; header_4_text_color=&#8220;#2e75b6&#8243; header_4_font_size=&#8220;16px&#8220; header_4_line_height=&#8220;1.7em&#8220; custom_margin=&#8220;|0px|||false|false&#8220; custom_margin_tablet=&#8220;|0px||0px|false|false&#8220; custom_margin_phone=&#8220;|0px|||false|false&#8220; custom_margin_last_edited=&#8220;on|desktop&#8220; global_colors_info=&#8220;{}&#8220;]<\/p>\n<p><strong>UV-C Technik<\/strong><\/p>\n<p>[\/et_pb_text][et_pb_image src=&#8220;https:\/\/trocis-showroom.de\/allcool\/wp-content\/uploads\/sites\/4\/2022\/07\/uvcfilter.jpg&#8220; title_text=&#8220;uvcfilter&#8220; _builder_version=&#8220;4.17.6&#8243; _module_preset=&#8220;default&#8220; global_colors_info=&#8220;{}&#8220;][\/et_pb_image][et_pb_text admin_label=&#8220;Luftreiniger UV-C Technik&#8220; _builder_version=&#8220;4.17.6&#8243; _module_preset=&#8220;default&#8220; header_3_font=&#8220;|700|||||||&#8220; header_3_text_align=&#8220;center&#8220; header_3_text_color=&#8220;#2e75b6&#8243; header_3_font_size=&#8220;20px&#8220; header_4_font=&#8220;|700|||||||&#8220; header_4_text_align=&#8220;left&#8220; header_4_text_color=&#8220;#2e75b6&#8243; header_4_font_size=&#8220;16px&#8220; header_4_line_height=&#8220;1.7em&#8220; custom_margin=&#8220;|0px|||false|false&#8220; custom_margin_tablet=&#8220;|0px||0px|false|false&#8220; custom_margin_phone=&#8220;|0px|||false|false&#8220; custom_margin_last_edited=&#8220;on|desktop&#8220; global_colors_info=&#8220;{}&#8220;]<\/p>\n<p><strong>UV-C Filtration<\/strong>:<br \/>Verbrauchte Raumluft wird angesaugt und in einer verspiegelten Kammer mit UV-C Licht bestrahlt.<br \/>Bei diesem Photokatalyse-Prozess werden die in der Luft enthaltenen Viren sowie Bakterien vernichtet. Zur\u00fcck bleibt saubere Raumluft.<\/p>\n<p>Reduziert Bakterien, Keime und Viren in der Raumluft!<\/p>\n<p>Mit unseren Luftfiltern erreichen Sie bestm\u00f6glich von Viren gereinigte Atemluft in den unterschiedlichsten Bereichen. Egal ob kleiner oder gro\u00dfer Raum, Halle oder Flur, Verkaufsraum oder Wartezimmer\u2013 wir bieten Ihnen die modulare und dadurch individuell auf Ihre Bed\u00fcrfnisse zugeschnittene L\u00f6sung.<\/p>\n<p>Finden Sie denn passenden Luftreiniger f\u00fcr Ihren Gewerbebereich in unserem\u00a0<a href=\"https:\/\/trocis-showroom.de\/allcool\/luftreiniger\/\"><strong>Mietkatalog<\/strong><\/a>.<\/p>\n<p>F\u00fcr weitere Fragen setzen Sie sich bitte telefonisch mit uns in Verbindung oder nutzen Sie unser\u00a0<strong><a href=\"https:\/\/trocis-showroom.de\/allcool\/kontakt\/\">Kontaktformular<\/a>.<\/strong><\/p>\n<p>Bestellungen von Mietger\u00e4ten k\u00f6nnen Sie direkt und bequem \u00fcber das <strong><a href=\"https:\/\/trocis-showroom.de\/allcool\/bestellung-mietgeraete\/\">Bestellformular <\/a><\/strong>durchf\u00fchren.<\/p>\n<p>[\/et_pb_text][\/et_pb_column][\/et_pb_row][\/et_pb_section]<\/p>\n","protected":false},"excerpt":{"rendered":"<p>Vermietung von K\u00fchlger\u00e4ten und Tiefk\u00fchlger\u00e4ten Wir vermieten hochwertige, neue\/neuwertige K\u00fchlger\u00e4te und Tiefk\u00fchlger\u00e4te f\u00fcr alle Messen, Ausstellungen, Promotions, Hausmessen sowie alle sonstigen Veranstaltungen und bieten auch Langzeitvermietungen zum Beispiel bei Umbau oder Renovierungen an. Die Lieferungen erfolgen zeitgenau an jeden Ort in ganz Deutschland und in vielen anderen L\u00e4ndern Europas.Finden Sie das passende K\u00fchl- und Tiefk\u00fchlger\u00e4t [&hellip;]<\/p>\n","protected":false},"author":1,"featured_media":0,"parent":0,"menu_order":0,"comment_status":"closed","ping_status":"closed","template":"","meta":{"_et_pb_use_builder":"on","_et_pb_old_content":"","_et_gb_content_width":"","footnotes":""},"class_list":["post-186","page","type-page","status-publish","hentry"],"_links":{"self":[{"href":"https:\/\/trocis-showroom.de\/allcool\/wp-json\/wp\/v2\/pages\/186","targetHints":{"allow":["GET"]}}],"collection":[{"href":"https:\/\/trocis-showroom.de\/allcool\/wp-json\/wp\/v2\/pages"}],"about":[{"href":"https:\/\/trocis-showroom.de\/allcool\/wp-json\/wp\/v2\/types\/page"}],"author":[{"embeddable":true,"href":"https:\/\/trocis-showroom.de\/allcool\/wp-json\/wp\/v2\/users\/1"}],"replies":[{"embeddable":true,"href":"https:\/\/trocis-showroom.de\/allcool\/wp-json\/wp\/v2\/comments?post=186"}],"version-history":[{"count":39,"href":"https:\/\/trocis-showroom.de\/allcool\/wp-json\/wp\/v2\/pages\/186\/revisions"}],"predecessor-version":[{"id":3321,"href":"https:\/\/trocis-showroom.de\/allcool\/wp-json\/wp\/v2\/pages\/186\/revisions\/3321"}],"wp:attachment":[{"href":"https:\/\/trocis-showroom.de\/allcool\/wp-json\/wp\/v2\/media?parent=186"}],"curies":[{"name":"wp","href":"https:\/\/api.w.org\/{rel}","templated":true}]}}