{"id":470,"date":"2021-01-13T10:18:04","date_gmt":"2021-01-13T09:18:04","guid":{"rendered":"https:\/\/trocis-showroom.de\/allcool\/startseite-2\/"},"modified":"2022-09-19T13:59:10","modified_gmt":"2022-09-19T11:59:10","slug":"startseite-2","status":"publish","type":"page","link":"https:\/\/trocis-showroom.de\/allcool\/","title":{"rendered":"Startseite"},"content":{"rendered":"<p>[et_pb_section fb_built=&#8220;1&#8243; fullwidth=&#8220;on&#8220; admin_label=&#8220;Header&#8220; _builder_version=&#8220;4.14.7&#8243; _module_preset=&#8220;default&#8220; global_module=&#8220;1036&#8243; saved_tabs=&#8220;all&#8220; global_colors_info=&#8220;{}&#8220;][et_pb_fullwidth_image src=&#8220;https:\/\/trocis-showroom.de\/allcool\/wp-content\/uploads\/sites\/4\/2022\/02\/header-bahnschrift.png&#8220; title_text=&#8220;header-bahnschrift&#8220; admin_label=&#8220;Polarlicht mit Logo + Slogan&#8220; _builder_version=&#8220;4.16&#8243; _module_preset=&#8220;default&#8220; global_colors_info=&#8220;{}&#8220;][\/et_pb_fullwidth_image][\/et_pb_section][et_pb_section fb_built=&#8220;1&#8243; admin_label=&#8220;Seiten-\u00dcberschrift&#8220; _builder_version=&#8220;4.17.4&#8243; _module_preset=&#8220;default&#8220; custom_margin=&#8220;||-4px|||&#8220; custom_padding=&#8220;||0px||false|false&#8220; custom_css_main_element=&#8220;margin-top: 0px;||padding-top: 0px;&#8220; global_colors_info=&#8220;{}&#8220;][et_pb_row column_padding_mobile=&#8220;on&#8220; admin_label=&#8220;Seiten-\u00dcberschrift&#8220; _builder_version=&#8220;4.16&#8243; background_size=&#8220;initial&#8220; background_position=&#8220;top_left&#8220; background_repeat=&#8220;repeat&#8220; custom_padding=&#8220;30px||30px||false|false&#8220; locked=&#8220;off&#8220; global_colors_info=&#8220;{}&#8220;][et_pb_column type=&#8220;4_4&#8243; _builder_version=&#8220;4.16&#8243; custom_padding=&#8220;|||&#8220; global_colors_info=&#8220;{}&#8220; custom_padding__hover=&#8220;|||&#8220;][et_pb_blurb title=&#8220;Allcool Refrigeration GmbH&#8220; admin_label=&#8220;\u00dcberschrift&#8220; _builder_version=&#8220;4.16&#8243; header_font=&#8220;|700|||||||&#8220; header_text_color=&#8220;#2e75b6&#8243; header_font_size=&#8220;28px&#8220; header_letter_spacing=&#8220;4px&#8220; header_line_height=&#8220;1.6em&#8220; body_text_color=&#8220;#606060&#8243; body_font_size=&#8220;16px&#8220; background_size=&#8220;initial&#8220; background_position=&#8220;top_left&#8220; background_repeat=&#8220;repeat&#8220; text_orientation=&#8220;center&#8220; custom_margin=&#8220;||||false|false&#8220; custom_padding=&#8220;20px||||false|false&#8220; use_border_color=&#8220;off&#8220; border_color=&#8220;#ffffff&#8220; border_width=&#8220;1px&#8220; border_style=&#8220;solid&#8220; global_colors_info=&#8220;{}&#8220;]<\/p>\n<h4>K\u00fchlger\u00e4te und Tiefk\u00fchlger\u00e4te kaufen oder mieten<\/h4>\n<p>[\/et_pb_blurb][\/et_pb_column][\/et_pb_row][\/et_pb_section][et_pb_section fb_built=&#8220;1&#8243; _builder_version=&#8220;4.17.4&#8243; _module_preset=&#8220;default&#8220; background_color=&#8220;#d4e5f5&#8243; custom_margin=&#8220;||15px||false|false&#8220; custom_padding=&#8220;||15px||false|false&#8220; custom_css_main_element=&#8220;margin-top: 0px;||padding-top: 0px;&#8220; global_colors_info=&#8220;{}&#8220;][et_pb_row _builder_version=&#8220;4.17.4&#8243; _module_preset=&#8220;default&#8220; max_width=&#8220;700px&#8220; global_colors_info=&#8220;{}&#8220;][et_pb_column type=&#8220;4_4&#8243; _builder_version=&#8220;4.17.4&#8243; _module_preset=&#8220;default&#8220; global_colors_info=&#8220;{}&#8220;][et_pb_text admin_label=&#8220;Individuelle K\u00fchll\u00f6sungen &#8220; _builder_version=&#8220;4.17.4&#8243; _module_preset=&#8220;default&#8220; header_3_font=&#8220;|700|||||||&#8220; header_3_text_align=&#8220;center&#8220; header_3_text_color=&#8220;#2e75b6&#8243; header_3_font_size=&#8220;20px&#8220; header_4_font=&#8220;|700|||||||&#8220; header_4_text_align=&#8220;center&#8220; header_4_text_color=&#8220;#747577&#8243; header_4_line_height=&#8220;3em&#8220; custom_margin=&#8220;|0px|||false|false&#8220; custom_margin_tablet=&#8220;|0px||0px|false|false&#8220; custom_margin_phone=&#8220;|0px|||false|false&#8220; custom_margin_last_edited=&#8220;on|desktop&#8220; global_colors_info=&#8220;{}&#8220;]<\/p>\n<h4>Individuelle K\u00fchll\u00f6sungen nach Ma\u00df<\/h4>\n<p>Neben den klassischen K\u00fchl- und Tiefk\u00fchlger\u00e4ten bieten wir Ihnen auch individuelle K\u00fchll\u00f6sungen an.<br \/>Mit unseren Partnern zusammen designen wir Ihre Wunschger\u00e4te!<\/p>\n<ul>\n<li>Branding mit Ihrem Logo oder Ihrer Werbebotschaft<\/li>\n<li>Neues Werbekonzept f\u00fcr Ihr K\u00fchlger\u00e4t erstellt durch unsere Designer<\/li>\n<li>Sonderanfertigungen nach Ihren Vorstellungen<\/li>\n<\/ul>\n<p>Finden Sie bei uns passende Ger\u00e4te f\u00fcr alle R\u00e4umlichkeiten und jede Art von Projekten\/Veranstaltungen!<\/p>\n<p>[\/et_pb_text][\/et_pb_column][\/et_pb_row][\/et_pb_section][et_pb_section fb_built=&#8220;1&#8243; admin_label=&#8220;FlexCooler \/ Lockstation&#8220; _builder_version=&#8220;4.18.0&#8243; _module_preset=&#8220;default&#8220; custom_margin=&#8220;||||false|false&#8220; custom_padding=&#8220;||40px||false|false&#8220; custom_css_main_element=&#8220;margin-top: 0px;||padding-top: 0px;&#8220; global_colors_info=&#8220;{}&#8220;][et_pb_row _builder_version=&#8220;4.18.0&#8243; _module_preset=&#8220;default&#8220; module_alignment=&#8220;center&#8220; custom_padding=&#8220;30px||||false|false&#8220; custom_css_main_element=&#8220;margin: 0px;||padding-top: 0px;||padding-bottom: 0px;||&#8220; global_colors_info=&#8220;{}&#8220;][et_pb_column type=&#8220;4_4&#8243; _builder_version=&#8220;4.18.0&#8243; _module_preset=&#8220;default&#8220; global_colors_info=&#8220;{}&#8220;][et_pb_blurb title=&#8220;unsere Neuheiten&#8220; admin_label=&#8220;\u00dcberschrift&#8220; _builder_version=&#8220;4.18.0&#8243; header_font=&#8220;|700|on||||||&#8220; header_text_color=&#8220;#E02B20&#8243; header_font_size=&#8220;26px&#8220; header_letter_spacing=&#8220;3px&#8220; header_line_height=&#8220;2em&#8220; body_text_color=&#8220;#606060&#8243; body_font_size=&#8220;16px&#8220; background_size=&#8220;initial&#8220; background_position=&#8220;top_left&#8220; background_repeat=&#8220;repeat&#8220; text_orientation=&#8220;center&#8220; module_alignment=&#8220;center&#8220; custom_margin=&#8220;||||false|false&#8220; custom_padding=&#8220;20px||||false|false&#8220; header_text_shadow_style=&#8220;preset2&#8243; use_border_color=&#8220;off&#8220; border_color=&#8220;#ffffff&#8220; border_width=&#8220;1px&#8220; border_style=&#8220;solid&#8220; locked=&#8220;off&#8220; global_colors_info=&#8220;{}&#8220;][\/et_pb_blurb][\/et_pb_column][\/et_pb_row][et_pb_row column_structure=&#8220;1_2,1_2&#8243; column_padding_mobile=&#8220;on&#8220; admin_label=&#8220;Boxen Reihe 1&#8243; _builder_version=&#8220;4.18.0&#8243; background_size=&#8220;initial&#8220; background_position=&#8220;top_left&#8220; background_repeat=&#8220;repeat&#8220; custom_padding=&#8220;||30px||false|false&#8220; locked=&#8220;off&#8220; global_colors_info=&#8220;{}&#8220;][et_pb_column type=&#8220;1_2&#8243; _builder_version=&#8220;4.16&#8243; custom_padding=&#8220;|||&#8220; global_colors_info=&#8220;{}&#8220; custom_padding__hover=&#8220;|||&#8220;][et_pb_blurb title=&#8220;Flex-Cooler&#8220; image=&#8220;https:\/\/trocis-showroom.de\/allcool\/wp-content\/uploads\/sites\/4\/2022\/09\/flexcooler.jpg&#8220; icon_placement=&#8220;left&#8220; image_icon_width=&#8220;75px&#8220; admin_label=&#8220;Flex-Cooler&#8220; _builder_version=&#8220;4.18.0&#8243; _dynamic_attributes=&#8220;link_option_url&#8220; header_font=&#8220;|700|||||||&#8220; header_text_align=&#8220;center&#8220; header_text_color=&#8220;#2e75b6&#8243; header_line_height=&#8220;3em&#8220; body_text_color=&#8220;#606060&#8243; background_size=&#8220;initial&#8220; background_position=&#8220;top_left&#8220; background_repeat=&#8220;repeat&#8220; image_icon_custom_margin=&#8220;30px||||false|false&#8220; custom_padding=&#8220;10px|10px|10px|10px|false|false&#8220; link_option_url=&#8220;@ET-DC@eyJkeW5hbWljIjp0cnVlLCJjb250ZW50IjoicG9zdF9saW5rX3VybF9wYWdlIiwic2V0dGluZ3MiOnsicG9zdF9pZCI6IjM3NjEifX0=@&#8220; border_width_all=&#8220;1px&#8220; border_color_all=&#8220;#000000&#8243; border_radii_image=&#8220;on|5px|5px|5px|5px&#8220; border_color_all_image=&#8220;#0C71C3&#8243; use_border_color=&#8220;off&#8220; border_color=&#8220;#ffffff&#8220; border_style=&#8220;solid&#8220; global_colors_info=&#8220;{}&#8220;]<\/p>\n<p>Beim Flex-Cooler sind viele individuelle Designs und Formen m\u00f6glich. Durch die beidseitig bedruckbaren Hartfaserplatten entsteht ein neues Branding in wenigen Minuten.<br \/>Ihrer Kreativit\u00e4t sind fast keine Grenzen gesetzt.<\/p>\n<p>[\/et_pb_blurb][\/et_pb_column][et_pb_column type=&#8220;1_2&#8243; _builder_version=&#8220;4.16&#8243; custom_padding=&#8220;|||&#8220; global_colors_info=&#8220;{}&#8220; custom_padding__hover=&#8220;|||&#8220;][et_pb_blurb title=&#8220;Lockstation&#8220; image=&#8220;https:\/\/trocis-showroom.de\/allcool\/wp-content\/uploads\/sites\/4\/2022\/09\/lockstation.png&#8220; icon_placement=&#8220;left&#8220; image_icon_width=&#8220;104px&#8220; admin_label=&#8220;Lockstation&#8220; _builder_version=&#8220;4.18.0&#8243; _dynamic_attributes=&#8220;link_option_url&#8220; header_font=&#8220;|700|||||||&#8220; header_text_align=&#8220;center&#8220; header_text_color=&#8220;#2e75b6&#8243; header_line_height=&#8220;3em&#8220; body_text_color=&#8220;#606060&#8243; background_size=&#8220;initial&#8220; background_position=&#8220;top_left&#8220; background_repeat=&#8220;repeat&#8220; image_icon_custom_margin=&#8220;30px||||false|false&#8220; custom_padding=&#8220;10px|10px|10px|10px|false|false&#8220; link_option_url=&#8220;@ET-DC@eyJkeW5hbWljIjp0cnVlLCJjb250ZW50IjoicG9zdF9saW5rX3VybF9wYWdlIiwic2V0dGluZ3MiOnsicG9zdF9pZCI6IjM3OTkifX0=@&#8220; hover_enabled=&#8220;0&#8243; border_width_all=&#8220;1px&#8220; border_color_all=&#8220;#000000&#8243; border_radii_image=&#8220;on|5px|5px|5px|5px&#8220; border_color_all_image=&#8220;#0C71C3&#8243; use_border_color=&#8220;off&#8220; border_color=&#8220;#ffffff&#8220; border_style=&#8220;solid&#8220; global_colors_info=&#8220;{}&#8220; sticky_enabled=&#8220;0&#8243;]<\/p>\n<p>Die Lockstation ist der Online-Supermarkt der Zukunft.<br \/>Viele Bestellungen und nur ein einziger Lieferort. Ideal f\u00fcr den Innen- sowie Au\u00dfenbereich. Die Lockstation kann nicht nur k\u00fchlen sondern auch warm halten.<\/p>\n<p>[\/et_pb_blurb][\/et_pb_column][\/et_pb_row][\/et_pb_section][et_pb_section fb_built=&#8220;1&#8243; admin_label=&#8220;Boxen Reihe 1&#8243; _builder_version=&#8220;4.16&#8243; _module_preset=&#8220;default&#8220; custom_margin=&#8220;||4px|||&#8220; custom_padding=&#8220;||6px|||&#8220; custom_css_main_element=&#8220;margin-top: 0px;||padding-top: 0px;&#8220; global_colors_info=&#8220;{}&#8220;][et_pb_row column_structure=&#8220;1_3,1_3,1_3&#8243; column_padding_mobile=&#8220;on&#8220; admin_label=&#8220;Boxen Reihe 1&#8243; _builder_version=&#8220;4.16&#8243; background_size=&#8220;initial&#8220; background_position=&#8220;top_left&#8220; background_repeat=&#8220;repeat&#8220; custom_padding=&#8220;30px||30px||false|false&#8220; locked=&#8220;off&#8220; global_colors_info=&#8220;{}&#8220;][et_pb_column type=&#8220;1_3&#8243; _builder_version=&#8220;4.16&#8243; custom_padding=&#8220;|||&#8220; global_colors_info=&#8220;{}&#8220; custom_padding__hover=&#8220;|||&#8220;][et_pb_blurb title=&#8220;K\u00fchlger\u00e4te&#8220; image=&#8220;https:\/\/trocis-showroom.de\/allcool\/wp-content\/uploads\/sites\/4\/2022\/07\/kuehlgeraete.jpg&#8220; admin_label=&#8220;K\u00fchlger\u00e4te&#8220; _builder_version=&#8220;4.17.4&#8243; header_font=&#8220;|700|||||||&#8220; header_text_color=&#8220;#2e75b6&#8243; header_line_height=&#8220;3em&#8220; body_text_color=&#8220;#606060&#8243; background_size=&#8220;initial&#8220; background_position=&#8220;top_left&#8220; background_repeat=&#8220;repeat&#8220; link_option_url=&#8220;\/allcool\/kuehlgeraete\/&#8220; border_radii_image=&#8220;on|5px|5px|5px|5px&#8220; border_color_all_image=&#8220;#0C71C3&#8243; box_shadow_style_image=&#8220;preset2&#8243; box_shadow_color_image=&#8220;#424242&#8243; use_border_color=&#8220;off&#8220; border_color=&#8220;#ffffff&#8220; border_style=&#8220;solid&#8220; global_colors_info=&#8220;{}&#8220;]<\/p>\n<p>Unsere K\u00fchlger\u00e4te sind vielseitig einsetzbar. Egal, ob f\u00fcr den Dauerbetrieb im Supermarkt oder den Kurzeinsatz auf Messen &#8211; bei uns finden Sie immer das passende Ger\u00e4t.<\/p>\n<p>[\/et_pb_blurb][\/et_pb_column][et_pb_column type=&#8220;1_3&#8243; _builder_version=&#8220;4.16&#8243; custom_padding=&#8220;|||&#8220; global_colors_info=&#8220;{}&#8220; custom_padding__hover=&#8220;|||&#8220;][et_pb_blurb title=&#8220;Tiefk\u00fchlger\u00e4te&#8220; image=&#8220;https:\/\/trocis-showroom.de\/allcool\/wp-content\/uploads\/sites\/4\/2022\/07\/tiefkuehlgeraete.jpg&#8220; admin_label=&#8220;Tiefk\u00fchlger\u00e4te&#8220; _builder_version=&#8220;4.17.6&#8243; _dynamic_attributes=&#8220;link_option_url&#8220; header_font=&#8220;|700|||||||&#8220; header_text_color=&#8220;#2e75b6&#8243; header_line_height=&#8220;3em&#8220; body_text_color=&#8220;#606060&#8243; background_size=&#8220;initial&#8220; background_position=&#8220;top_left&#8220; background_repeat=&#8220;repeat&#8220; link_option_url=&#8220;@ET-DC@eyJkeW5hbWljIjp0cnVlLCJjb250ZW50IjoicG9zdF9saW5rX3VybF9wYWdlIiwic2V0dGluZ3MiOnsicG9zdF9pZCI6IjY2OSJ9fQ==@&#8220; border_radii_image=&#8220;on|5px|5px|5px|5px&#8220; border_color_all_image=&#8220;#0C71C3&#8243; box_shadow_style_image=&#8220;preset2&#8243; box_shadow_color_image=&#8220;#424242&#8243; use_border_color=&#8220;off&#8220; border_color=&#8220;#ffffff&#8220; border_style=&#8220;solid&#8220; global_colors_info=&#8220;{}&#8220;]<\/p>\n<p>Die Tiefk\u00fchlger\u00e4te stehen f\u00fcr hohe Flexibilit\u00e4t und exzellente K\u00fchlung. Ihre Lebensmittel werden ansprechend pr\u00e4sentiert und sind stets optimal gek\u00fchlt.<\/p>\n<p>[\/et_pb_blurb][\/et_pb_column][et_pb_column type=&#8220;1_3&#8243; _builder_version=&#8220;4.16&#8243; custom_padding=&#8220;|||&#8220; global_colors_info=&#8220;{}&#8220; custom_padding__hover=&#8220;|||&#8220;][et_pb_blurb title=&#8220;Luftreiniger&#8220; image=&#8220;https:\/\/trocis-showroom.de\/allcool\/wp-content\/uploads\/sites\/4\/2022\/05\/luftreiniger.jpg&#8220; admin_label=&#8220;Luftreiniger&#8220; _builder_version=&#8220;4.17.4&#8243; _dynamic_attributes=&#8220;link_option_url&#8220; header_font=&#8220;|700|||||||&#8220; header_text_color=&#8220;#2e75b6&#8243; header_line_height=&#8220;3em&#8220; body_text_color=&#8220;#606060&#8243; background_size=&#8220;initial&#8220; background_position=&#8220;top_left&#8220; background_repeat=&#8220;repeat&#8220; link_option_url=&#8220;@ET-DC@eyJkeW5hbWljIjp0cnVlLCJjb250ZW50IjoicG9zdF9saW5rX3VybF9wYWdlIiwic2V0dGluZ3MiOnsicG9zdF9pZCI6IjY0NSJ9fQ==@&#8220; border_radii_image=&#8220;on|5px|5px|5px|5px&#8220; border_color_all_image=&#8220;#0C71C3&#8243; box_shadow_style_image=&#8220;preset2&#8243; box_shadow_color_image=&#8220;#424242&#8243; use_border_color=&#8220;off&#8220; border_color=&#8220;#ffffff&#8220; border_style=&#8220;solid&#8220; global_colors_info=&#8220;{}&#8220;]<\/p>\n<p>Entdecken Sie die Vielfalt unserer Produkte, die Ihr Leben erleichtern und lassen Sie sich von unserem au\u00dfergew\u00f6hnlichen sowie zeitlosen Design inspirieren.<\/p>\n<p>[\/et_pb_blurb][\/et_pb_column][\/et_pb_row][\/et_pb_section][et_pb_section fb_built=&#8220;1&#8243; admin_label=&#8220;Slogan&#8220; _builder_version=&#8220;4.17.4&#8243; _module_preset=&#8220;default&#8220; custom_padding=&#8220;30px||||false|false&#8220; custom_css_main_element=&#8220;margin-top: 0px;||padding-top: 0px;&#8220; global_colors_info=&#8220;{}&#8220;][et_pb_row column_structure=&#8220;1_4,3_4&#8243; admin_label=&#8220;Slogan&#8220; _builder_version=&#8220;4.17.6&#8243; _module_preset=&#8220;default&#8220; background_color=&#8220;#e5e5e5&#8243; max_width_tablet=&#8220;&#8220; max_width_phone=&#8220;&#8220; max_width_last_edited=&#8220;on|phone&#8220; custom_padding=&#8220;10px||10px||false|false&#8220; global_colors_info=&#8220;{}&#8220; max_width__hover_enabled=&#8220;off|desktop&#8220;][et_pb_column type=&#8220;1_4&#8243; _builder_version=&#8220;4.17.4&#8243; _module_preset=&#8220;default&#8220; global_colors_info=&#8220;{}&#8220;][et_pb_image src=&#8220;https:\/\/trocis-showroom.de\/allcool\/wp-content\/uploads\/sites\/4\/2022\/05\/kreativ.png&#8220; title_text=&#8220;kreativ&#8220; align=&#8220;right&#8220; align_tablet=&#8220;center&#8220; align_phone=&#8220;center&#8220; align_last_edited=&#8220;on|desktop&#8220; _builder_version=&#8220;4.17.6&#8243; _module_preset=&#8220;default&#8220; custom_margin_tablet=&#8220;&#8220; custom_margin_phone=&#8220;&#8220; custom_margin_last_edited=&#8220;on|phone&#8220; custom_padding=&#8220;||||false|false&#8220; custom_padding_tablet=&#8220;||||false|false&#8220; custom_padding_phone=&#8220;||||false|false&#8220; custom_padding_last_edited=&#8220;on|desktop&#8220; global_colors_info=&#8220;{}&#8220;][\/et_pb_image][\/et_pb_column][et_pb_column type=&#8220;3_4&#8243; _builder_version=&#8220;4.17.4&#8243; _module_preset=&#8220;default&#8220; global_colors_info=&#8220;{}&#8220;][et_pb_text content_tablet=&#8220;<\/p>\n<h4 style=%22text-align: left;%22> &#8230;mit k\u00fchlem Kopf zum kreativen Design<\/h4>\n<p>&#8220; content_phone=&#8220;<\/p>\n<h4 style=%22text-align: center;%22> &#8230;mit k\u00fchlem Kopf zum kreativen Design<\/h4>\n<p>&#8220; content_last_edited=&#8220;on|phone&#8220; admin_label=&#8220;Slogan&#8220; _builder_version=&#8220;4.17.6&#8243; _module_preset=&#8220;default&#8220; header_4_font=&#8220;Cherry Cream Soda||on||||||&#8220; header_4_text_color=&#8220;#2e75b6&#8243; header_4_font_size=&#8220;24px&#8220; header_4_letter_spacing=&#8220;3px&#8220; header_4_line_height=&#8220;1.7em&#8220; custom_margin=&#8220;||||false|false&#8220; custom_padding=&#8220;20px||||false|false&#8220; custom_padding_tablet=&#8220;20px|||10px|false|false&#8220; custom_padding_phone=&#8220;20px|||0px|false|false&#8220; custom_padding_last_edited=&#8220;on|tablet&#8220; header_4_font_size_tablet=&#8220;20px&#8220; header_4_font_size_phone=&#8220;18px&#8220; header_4_font_size_last_edited=&#8220;on|tablet&#8220; global_colors_info=&#8220;{}&#8220;]<\/p>\n<h4 style=\"text-align: left;\">\u00a0&#8230;mit k\u00fchlem Kopf zum kreativen Design<\/h4>\n<p>[\/et_pb_text][\/et_pb_column][\/et_pb_row][\/et_pb_section][et_pb_section fb_built=&#8220;1&#8243; admin_label=&#8220;Boxen Reihe 2&#8243; _builder_version=&#8220;4.16&#8243; _module_preset=&#8220;default&#8220; custom_margin=&#8220;||4px||false|false&#8220; custom_padding=&#8220;||6px||false|false&#8220; custom_css_main_element=&#8220;margin-top: 0px;||padding-top: 0px;&#8220; global_colors_info=&#8220;{}&#8220;][et_pb_row column_structure=&#8220;1_3,1_3,1_3&#8243; column_padding_mobile=&#8220;on&#8220; admin_label=&#8220;Boxen Reihe 2&#8243; _builder_version=&#8220;4.16&#8243; background_size=&#8220;initial&#8220; background_position=&#8220;top_left&#8220; background_repeat=&#8220;repeat&#8220; custom_padding=&#8220;30px||30px||false|false&#8220; locked=&#8220;off&#8220; global_colors_info=&#8220;{}&#8220;][et_pb_column type=&#8220;1_3&#8243; _builder_version=&#8220;4.16&#8243; custom_padding=&#8220;|||&#8220; global_colors_info=&#8220;{}&#8220; custom_padding__hover=&#8220;|||&#8220;][et_pb_blurb title=&#8220;Vermietung&#8220; image=&#8220;https:\/\/trocis-showroom.de\/allcool\/wp-content\/uploads\/sites\/4\/2022\/07\/vermietung.jpg&#8220; admin_label=&#8220;Vermietung&#8220; _builder_version=&#8220;4.17.6&#8243; _dynamic_attributes=&#8220;link_option_url&#8220; header_font=&#8220;|700|||||||&#8220; header_text_color=&#8220;#2e75b6&#8243; header_line_height=&#8220;3em&#8220; body_text_color=&#8220;#606060&#8243; background_size=&#8220;initial&#8220; background_position=&#8220;top_left&#8220; background_repeat=&#8220;repeat&#8220; link_option_url=&#8220;@ET-DC@eyJkeW5hbWljIjp0cnVlLCJjb250ZW50IjoicG9zdF9saW5rX3VybF9wYWdlIiwic2V0dGluZ3MiOnsicG9zdF9pZCI6IjE4NiJ9fQ==@&#8220; border_radii_image=&#8220;on|5px|5px|5px|5px&#8220; border_color_all_image=&#8220;#0C71C3&#8243; box_shadow_style_image=&#8220;preset2&#8243; box_shadow_color_image=&#8220;#424242&#8243; use_border_color=&#8220;off&#8220; border_color=&#8220;#ffffff&#8220; border_style=&#8220;solid&#8220; global_colors_info=&#8220;{}&#8220;]<\/p>\n<p>Vermietung von K\u00fchlger\u00e4ten\/Tiefk\u00fchlger\u00e4ten f\u00fcr den Einsatz auf Messen oder Veranstaltungen.<br \/>Sie k\u00f6nnen auch Luftreiniger mit UV-C Technik und dem HEPA14 Filtersystem mieten.<\/p>\n<p>[\/et_pb_blurb][\/et_pb_column][et_pb_column type=&#8220;1_3&#8243; _builder_version=&#8220;4.16&#8243; custom_padding=&#8220;|||&#8220; global_colors_info=&#8220;{}&#8220; custom_padding__hover=&#8220;|||&#8220;][et_pb_blurb title=&#8220;Verkauf&#8220; image=&#8220;https:\/\/trocis-showroom.de\/allcool\/wp-content\/uploads\/sites\/4\/2022\/07\/verkauf.jpg&#8220; admin_label=&#8220;Verkauf&#8220; _builder_version=&#8220;4.17.6&#8243; _dynamic_attributes=&#8220;link_option_url&#8220; header_font=&#8220;|700|||||||&#8220; header_text_color=&#8220;#2e75b6&#8243; header_line_height=&#8220;3em&#8220; body_text_color=&#8220;#606060&#8243; background_size=&#8220;initial&#8220; background_position=&#8220;top_left&#8220; background_repeat=&#8220;repeat&#8220; link_option_url=&#8220;@ET-DC@eyJkeW5hbWljIjp0cnVlLCJjb250ZW50IjoicG9zdF9saW5rX3VybF9wYWdlIiwic2V0dGluZ3MiOnsicG9zdF9pZCI6IjE5NCJ9fQ==@&#8220; border_radii_image=&#8220;on|5px|5px|5px|5px&#8220; border_color_all_image=&#8220;#0C71C3&#8243; box_shadow_style_image=&#8220;preset2&#8243; box_shadow_color_image=&#8220;#424242&#8243; use_border_color=&#8220;off&#8220; border_color=&#8220;#ffffff&#8220; border_style=&#8220;solid&#8220; global_colors_info=&#8220;{}&#8220;]<\/p>\n<p>Verkauf von K\u00fchlger\u00e4ten und Tiefk\u00fchlger\u00e4ten aller Art sowie von professionellen Luftreinigern f\u00fcr den Einsatz im kommerziellen Bereich wie der Gastronomie oder dem Einzelhandel.<\/p>\n<p>[\/et_pb_blurb][\/et_pb_column][et_pb_column type=&#8220;1_3&#8243; _builder_version=&#8220;4.16&#8243; custom_padding=&#8220;|||&#8220; global_colors_info=&#8220;{}&#8220; custom_padding__hover=&#8220;|||&#8220;][et_pb_blurb title=&#8220;Leasing\/Mietkauf&#8220; image=&#8220;https:\/\/trocis-showroom.de\/allcool\/wp-content\/uploads\/sites\/4\/2022\/07\/leasing.jpg&#8220; admin_label=&#8220;Leasing\/Mietkauf&#8220; _builder_version=&#8220;4.17.6&#8243; _dynamic_attributes=&#8220;link_option_url&#8220; header_font=&#8220;|700|||||||&#8220; header_text_color=&#8220;#2e75b6&#8243; header_line_height=&#8220;3em&#8220; body_text_color=&#8220;#606060&#8243; background_size=&#8220;initial&#8220; background_position=&#8220;top_left&#8220; background_repeat=&#8220;repeat&#8220; link_option_url=&#8220;@ET-DC@eyJkeW5hbWljIjp0cnVlLCJjb250ZW50IjoicG9zdF9saW5rX3VybF9wYWdlIiwic2V0dGluZ3MiOnsicG9zdF9pZCI6IjY0MiJ9fQ==@&#8220; border_radii_image=&#8220;on|5px|5px|5px|5px&#8220; border_color_all_image=&#8220;#0C71C3&#8243; box_shadow_style_image=&#8220;preset2&#8243; box_shadow_color_image=&#8220;#424242&#8243; use_border_color=&#8220;off&#8220; border_color=&#8220;#ffffff&#8220; border_style=&#8220;solid&#8220; global_colors_info=&#8220;{}&#8220;]<\/p>\n<p>Finanzieren Sie Ihre K\u00fchlger\u00e4te\/Luftreiniger mit\u00a0 einem individuellen und auf Ihre pers\u00f6nlichen Bed\u00fcrfnisse zugeschnittenem Leasingangebot.<br \/>Ein Mietkauf bietet viele Vorteile.<\/p>\n<p>[\/et_pb_blurb][\/et_pb_column][\/et_pb_row][\/et_pb_section][et_pb_section fb_built=&#8220;1&#8243; admin_label=&#8220;Boxen Reihe 3&#8243; _builder_version=&#8220;4.16&#8243; _module_preset=&#8220;default&#8220; custom_margin=&#8220;||4px||false|false&#8220; custom_padding=&#8220;||6px||false|false&#8220; custom_css_main_element=&#8220;margin-top: 0px;||padding-top: 0px;&#8220; global_colors_info=&#8220;{}&#8220;][et_pb_row column_structure=&#8220;1_3,1_3,1_3&#8243; column_padding_mobile=&#8220;on&#8220; admin_label=&#8220;Boxen Reihe 3&#8243; _builder_version=&#8220;4.16&#8243; background_size=&#8220;initial&#8220; background_position=&#8220;top_left&#8220; background_repeat=&#8220;repeat&#8220; custom_padding=&#8220;30px||30px||false|false&#8220; locked=&#8220;off&#8220; global_colors_info=&#8220;{}&#8220;][et_pb_column type=&#8220;1_3&#8243; _builder_version=&#8220;4.16&#8243; custom_padding=&#8220;|||&#8220; global_colors_info=&#8220;{}&#8220; custom_padding__hover=&#8220;|||&#8220;][et_pb_blurb title=&#8220;Messen\/Ausstellungen&#8220; image=&#8220;https:\/\/trocis-showroom.de\/allcool\/wp-content\/uploads\/sites\/4\/2022\/07\/messen.jpg&#8220; admin_label=&#8220;Messen\/Ausstellungen&#8220; _builder_version=&#8220;4.18.0&#8243; _dynamic_attributes=&#8220;link_option_url&#8220; header_font=&#8220;|700|||||||&#8220; header_text_color=&#8220;#2e75b6&#8243; header_line_height=&#8220;3em&#8220; body_text_color=&#8220;#606060&#8243; background_size=&#8220;initial&#8220; background_position=&#8220;top_left&#8220; background_repeat=&#8220;repeat&#8220; link_option_url=&#8220;@ET-DC@eyJkeW5hbWljIjp0cnVlLCJjb250ZW50IjoicG9zdF9saW5rX3VybF9wYWdlIiwic2V0dGluZ3MiOnsicG9zdF9pZCI6IjMwODMifX0=@&#8220; border_radii_image=&#8220;on|5px|5px|5px|5px&#8220; border_color_all_image=&#8220;#0C71C3&#8243; box_shadow_style_image=&#8220;preset2&#8243; box_shadow_color_image=&#8220;#424242&#8243; use_border_color=&#8220;off&#8220; border_color=&#8220;#ffffff&#8220; border_style=&#8220;solid&#8220; global_colors_info=&#8220;{}&#8220;]<\/p>\n<p>Bei uns k\u00f6nnen Sie K\u00fchl- und Tiefk\u00fchlger\u00e4te f\u00fcr Messen und Ausstellungen mieten. Wir liefern Ihnen die Ger\u00e4te bis zum Stand und holen diese dann auch dort wieder ab.<\/p>\n<p>[\/et_pb_blurb][\/et_pb_column][et_pb_column type=&#8220;1_3&#8243; _builder_version=&#8220;4.16&#8243; custom_padding=&#8220;|||&#8220; global_colors_info=&#8220;{}&#8220; custom_padding__hover=&#8220;|||&#8220;][et_pb_blurb title=&#8220;Langzeitmieten&#8220; image=&#8220;https:\/\/trocis-showroom.de\/allcool\/wp-content\/uploads\/sites\/4\/2022\/07\/langzeitmieten.jpg&#8220; admin_label=&#8220;Langzeitmieten&#8220; _builder_version=&#8220;4.17.6&#8243; _dynamic_attributes=&#8220;link_option_url&#8220; header_font=&#8220;|700|||||||&#8220; header_text_color=&#8220;#2e75b6&#8243; header_line_height=&#8220;3em&#8220; body_text_color=&#8220;#606060&#8243; background_size=&#8220;initial&#8220; background_position=&#8220;top_left&#8220; background_repeat=&#8220;repeat&#8220; link_option_url=&#8220;@ET-DC@eyJkeW5hbWljIjp0cnVlLCJjb250ZW50IjoicG9zdF9saW5rX3VybF9wYWdlIiwic2V0dGluZ3MiOnsicG9zdF9pZCI6IjMwODkifX0=@&#8220; border_radii_image=&#8220;on|5px|5px|5px|5px&#8220; border_color_all_image=&#8220;#0C71C3&#8243; box_shadow_style_image=&#8220;preset2&#8243; box_shadow_color_image=&#8220;#424242&#8243; use_border_color=&#8220;off&#8220; border_color=&#8220;#ffffff&#8220; border_style=&#8220;solid&#8220; global_colors_info=&#8220;{}&#8220;]<\/p>\n<p>Langzeitmieten sind eine gute sowie g\u00fcnstige Alternative zum Kauf eines K\u00fchlger\u00e4tes. Es gibt\u00a0 keine hohen Anschaffungskosten, es entstehen sogar steuerliche Vorteile f\u00fcr Sie.<\/p>\n<p>[\/et_pb_blurb][\/et_pb_column][et_pb_column type=&#8220;1_3&#8243; _builder_version=&#8220;4.16&#8243; custom_padding=&#8220;|||&#8220; global_colors_info=&#8220;{}&#8220; custom_padding__hover=&#8220;|||&#8220;][et_pb_blurb title=&#8220;Projekte im Einzelhandel&#8220; image=&#8220;https:\/\/trocis-showroom.de\/allcool\/wp-content\/uploads\/sites\/4\/2022\/07\/projekte-einzelhandel.jpg&#8220; admin_label=&#8220;Projekte im Einzelhandel&#8220; _builder_version=&#8220;4.18.0&#8243; _dynamic_attributes=&#8220;link_option_url&#8220; header_font=&#8220;|700|||||||&#8220; header_text_color=&#8220;#2e75b6&#8243; header_line_height=&#8220;3em&#8220; body_text_color=&#8220;#606060&#8243; background_size=&#8220;initial&#8220; background_position=&#8220;top_left&#8220; background_repeat=&#8220;repeat&#8220; link_option_url=&#8220;@ET-DC@eyJkeW5hbWljIjp0cnVlLCJjb250ZW50IjoicG9zdF9saW5rX3VybF9wYWdlIiwic2V0dGluZ3MiOnsicG9zdF9pZCI6IjMwOTMifX0=@&#8220; border_radii_image=&#8220;on|5px|5px|5px|5px&#8220; border_color_all_image=&#8220;#0C71C3&#8243; box_shadow_style_image=&#8220;preset2&#8243; box_shadow_color_image=&#8220;#424242&#8243; use_border_color=&#8220;off&#8220; border_color=&#8220;#ffffff&#8220; border_style=&#8220;solid&#8220; global_colors_info=&#8220;{}&#8220;]Wir organisieren und realisieren Werbeaktionen in Superm\u00e4rkten, um durch die Zweitplatzierung eine Umsatzsteigerung Ihrer Artikel zu erzielen. Ideal f\u00fcr die Neuvorstellung von Produkten.[\/et_pb_blurb][\/et_pb_column][\/et_pb_row][\/et_pb_section][et_pb_section fb_built=&#8220;1&#8243; admin_label=&#8220;Boxen Reihe 4&#8243; _builder_version=&#8220;4.16&#8243; _module_preset=&#8220;default&#8220; custom_margin=&#8220;||4px||false|false&#8220; custom_padding=&#8220;||6px||false|false&#8220; custom_css_main_element=&#8220;margin-top: 0px;||padding-top: 0px;&#8220; global_colors_info=&#8220;{}&#8220;][et_pb_row column_structure=&#8220;1_3,1_3,1_3&#8243; column_padding_mobile=&#8220;on&#8220; admin_label=&#8220;Boxen Reihe 4&#8243; _builder_version=&#8220;4.16&#8243; background_size=&#8220;initial&#8220; background_position=&#8220;top_left&#8220; background_repeat=&#8220;repeat&#8220; custom_padding=&#8220;30px||30px||false|false&#8220; locked=&#8220;off&#8220; global_colors_info=&#8220;{}&#8220;][et_pb_column type=&#8220;1_3&#8243; _builder_version=&#8220;4.16&#8243; custom_padding=&#8220;|||&#8220; global_colors_info=&#8220;{}&#8220; custom_padding__hover=&#8220;|||&#8220;][et_pb_blurb title=&#8220;Branding&#8220; image=&#8220;https:\/\/trocis-showroom.de\/allcool\/wp-content\/uploads\/sites\/4\/2022\/06\/branding.jpg&#8220; admin_label=&#8220;Branding&#8220; _builder_version=&#8220;4.18.0&#8243; _dynamic_attributes=&#8220;link_option_url&#8220; header_font=&#8220;|700|||||||&#8220; header_text_color=&#8220;#2e75b6&#8243; header_line_height=&#8220;3em&#8220; body_text_color=&#8220;#606060&#8243; background_size=&#8220;initial&#8220; background_position=&#8220;top_left&#8220; background_repeat=&#8220;repeat&#8220; link_option_url=&#8220;@ET-DC@eyJkeW5hbWljIjp0cnVlLCJjb250ZW50IjoicG9zdF9saW5rX3VybF9wYWdlIiwic2V0dGluZ3MiOnsicG9zdF9pZCI6IjMwOTcifX0=@&#8220; border_radii_image=&#8220;on|5px|5px|5px|5px&#8220; border_color_all_image=&#8220;#0C71C3&#8243; box_shadow_style_image=&#8220;preset2&#8243; box_shadow_color_image=&#8220;#424242&#8243; use_border_color=&#8220;off&#8220; border_color=&#8220;#ffffff&#8220; border_style=&#8220;solid&#8220; global_colors_info=&#8220;{}&#8220;]Pr\u00e4sentieren Sie Ihre Produkte in K\u00fchlger\u00e4ten mit individuellem Design. Mit eigenem Logo und Ihrer Werbung haben Sie einzigartige Ger\u00e4te mit Alleinstellungsmerkmal.[\/et_pb_blurb][\/et_pb_column][et_pb_column type=&#8220;1_3&#8243; _builder_version=&#8220;4.16&#8243; custom_padding=&#8220;|||&#8220; global_colors_info=&#8220;{}&#8220; custom_padding__hover=&#8220;|||&#8220;][et_pb_blurb title=&#8220;Ersatzteile&#8220; image=&#8220;https:\/\/trocis-showroom.de\/allcool\/wp-content\/uploads\/sites\/4\/2022\/06\/ersatzteile.jpg&#8220; admin_label=&#8220;Ersatzteile&#8220; _builder_version=&#8220;4.17.6&#8243; _dynamic_attributes=&#8220;link_option_url&#8220; header_font=&#8220;|700|||||||&#8220; header_text_color=&#8220;#2e75b6&#8243; header_line_height=&#8220;3em&#8220; body_text_color=&#8220;#606060&#8243; background_size=&#8220;initial&#8220; background_position=&#8220;top_left&#8220; background_repeat=&#8220;repeat&#8220; link_option_url=&#8220;@ET-DC@eyJkeW5hbWljIjp0cnVlLCJjb250ZW50IjoicG9zdF9saW5rX3VybF9wYWdlIiwic2V0dGluZ3MiOnsicG9zdF9pZCI6IjMxMDEifX0=@&#8220; border_radii_image=&#8220;on|5px|5px|5px|5px&#8220; border_color_all_image=&#8220;#0C71C3&#8243; box_shadow_style_image=&#8220;preset2&#8243; box_shadow_color_image=&#8220;#424242&#8243; use_border_color=&#8220;off&#8220; border_color=&#8220;#ffffff&#8220; border_style=&#8220;solid&#8220; global_colors_info=&#8220;{}&#8220;]<\/p>\n<p>F\u00fcr alle bei uns gekauften K\u00fchl-\/Tiefk\u00fchlger\u00e4te und Luftreiniger k\u00f6nnen Sie auch die passenden Ersatzteile erwerben. Meistens auch f\u00fcr \u00e4ltere Modelle. Fragen Sie uns einfach.<\/p>\n<p>[\/et_pb_blurb][\/et_pb_column][et_pb_column type=&#8220;1_3&#8243; _builder_version=&#8220;4.16&#8243; custom_padding=&#8220;|||&#8220; global_colors_info=&#8220;{}&#8220; custom_padding__hover=&#8220;|||&#8220;][et_pb_blurb title=&#8220;Sonderw\u00fcnsche&#8220; image=&#8220;https:\/\/trocis-showroom.de\/allcool\/wp-content\/uploads\/sites\/4\/2022\/06\/sonderanfertigung.jpg&#8220; admin_label=&#8220;Sonderw\u00fcnsche&#8220; _builder_version=&#8220;4.17.6&#8243; _dynamic_attributes=&#8220;link_option_url&#8220; header_font=&#8220;|700|||||||&#8220; header_text_color=&#8220;#2e75b6&#8243; header_line_height=&#8220;3em&#8220; body_text_color=&#8220;#606060&#8243; background_size=&#8220;initial&#8220; background_position=&#8220;top_left&#8220; background_repeat=&#8220;repeat&#8220; link_option_url=&#8220;@ET-DC@eyJkeW5hbWljIjp0cnVlLCJjb250ZW50IjoicG9zdF9saW5rX3VybF9wYWdlIiwic2V0dGluZ3MiOnsicG9zdF9pZCI6IjMxMDUifX0=@&#8220; border_radii_image=&#8220;on|5px|5px|5px|5px&#8220; border_color_all_image=&#8220;#0C71C3&#8243; box_shadow_style_image=&#8220;preset2&#8243; box_shadow_color_image=&#8220;#424242&#8243; use_border_color=&#8220;off&#8220; border_color=&#8220;#ffffff&#8220; border_style=&#8220;solid&#8220; global_colors_info=&#8220;{}&#8220;]<\/p>\n<p>Wir realisieren Ihre Sonderw\u00fcnsche wie etwa Farbanpassungen, besondere Beleuchtungen,\u00a0 spezielle Formen\/Aufbauten sowie individuelle Innenausstattungen.<\/p>\n<p>[\/et_pb_blurb][\/et_pb_column][\/et_pb_row][\/et_pb_section][et_pb_section fb_built=&#8220;1&#8243; admin_label=&#8220;Logo Karussell&#8220; _builder_version=&#8220;4.16&#8243; _module_preset=&#8220;default&#8220; global_colors_info=&#8220;{}&#8220;][et_pb_row admin_label=&#8220;Logo Karussell&#8220; _builder_version=&#8220;4.16&#8243; _module_preset=&#8220;default&#8220; global_colors_info=&#8220;{}&#8220;][et_pb_column type=&#8220;4_4&#8243; _builder_version=&#8220;4.16&#8243; _module_preset=&#8220;default&#8220; global_colors_info=&#8220;{}&#8220;][wdcl_logo_carousel nav_pagi=&#8220;none&#8220; slide_count=&#8220;6&#8243; arrow_icon_size=&#8220;20px&#8220; logo_hover=&#8220;black_n_white&#8220; logo_height=&#8220;90px&#8220; _builder_version=&#8220;4.18.0&#8243; _module_preset=&#8220;default&#8220; global_colors_info=&#8220;{}&#8220;][wdcl_logo_carousel_child admin_title=&#8220;Chiemgauer Naturfleisch&#8220; logo=&#8220;https:\/\/trocis-showroom.de\/allcool\/wp-content\/uploads\/sites\/4\/2022\/07\/chiemgauer.jpg&#8220; is_link=&#8220;on&#8220; link_url=&#8220;https:\/\/www.chiemgauer-naturfleisch.de&#8220; link_options=&#8220;on|off&#8220; _builder_version=&#8220;4.17.4&#8243; _module_preset=&#8220;default&#8220; global_colors_info=&#8220;{}&#8220;][\/wdcl_logo_carousel_child][wdcl_logo_carousel_child admin_title=&#8220;Alnatura&#8220; logo=&#8220;https:\/\/trocis-showroom.de\/allcool\/wp-content\/uploads\/sites\/4\/2022\/07\/alnatura.jpg&#8220; is_link=&#8220;on&#8220; link_url=&#8220;https:\/\/www.alnatura.de&#8220; link_options=&#8220;on|off&#8220; _builder_version=&#8220;4.17.4&#8243; _module_preset=&#8220;default&#8220; global_colors_info=&#8220;{}&#8220;][\/wdcl_logo_carousel_child][wdcl_logo_carousel_child admin_title=&#8220;Andechser Molkerei&#8220; logo=&#8220;https:\/\/trocis-showroom.de\/allcool\/wp-content\/uploads\/sites\/4\/2022\/07\/andechser.jpg&#8220; is_link=&#8220;on&#8220; link_url=&#8220;https:\/\/www.andechser-natur.de&#8220; link_options=&#8220;on|off&#8220; _builder_version=&#8220;4.17.4&#8243; _module_preset=&#8220;default&#8220; global_colors_info=&#8220;{}&#8220;][\/wdcl_logo_carousel_child][wdcl_logo_carousel_child admin_title=&#8220;Schr\u00f6der Fleischwaren&#8220; logo=&#8220;https:\/\/trocis-showroom.de\/allcool\/wp-content\/uploads\/sites\/4\/2022\/07\/schroeder.jpg&#8220; is_link=&#8220;on&#8220; link_url=&#8220;https:\/\/www.schroeder-fleischwaren.de&#8220; link_options=&#8220;on|off&#8220; _builder_version=&#8220;4.17.4&#8243; _module_preset=&#8220;default&#8220; global_colors_info=&#8220;{}&#8220;][\/wdcl_logo_carousel_child][wdcl_logo_carousel_child admin_title=&#8220;Berief Food&#8220; logo=&#8220;https:\/\/trocis-showroom.de\/allcool\/wp-content\/uploads\/sites\/4\/2022\/07\/berief.jpg&#8220; is_link=&#8220;on&#8220; link_url=&#8220;https:\/\/www.berief-food.de&#8220; link_options=&#8220;on|off&#8220; _builder_version=&#8220;4.17.4&#8243; _module_preset=&#8220;default&#8220; global_colors_info=&#8220;{}&#8220;][\/wdcl_logo_carousel_child][wdcl_logo_carousel_child admin_title=&#8220;Tils&#8220; logo=&#8220;https:\/\/trocis-showroom.de\/allcool\/wp-content\/uploads\/sites\/4\/2022\/07\/tils.jpg&#8220; is_link=&#8220;on&#8220; link_url=&#8220;https:\/\/www.tils.de&#8220; link_options=&#8220;on|off&#8220; _builder_version=&#8220;4.17.4&#8243; _module_preset=&#8220;default&#8220; global_colors_info=&#8220;{}&#8220;][\/wdcl_logo_carousel_child][wdcl_logo_carousel_child admin_title=&#8220;Dicke&#8220; logo=&#8220;https:\/\/trocis-showroom.de\/allcool\/wp-content\/uploads\/sites\/4\/2022\/09\/dicke.jpg&#8220; is_link=&#8220;on&#8220; link_url=&#8220;https:\/\/dickefoodmakesfun.com&#8220; link_options=&#8220;on|off&#8220; _builder_version=&#8220;4.18.0&#8243; _module_preset=&#8220;default&#8220; global_colors_info=&#8220;{}&#8220;][\/wdcl_logo_carousel_child][\/wdcl_logo_carousel][\/et_pb_column][\/et_pb_row][\/et_pb_section][et_pb_section fb_built=&#8220;1&#8243; admin_label=&#8220;Kundenstimmen&#8220; _builder_version=&#8220;4.16&#8243; _module_preset=&#8220;default&#8220; custom_margin=&#8220;0px||||false|false&#8220; custom_padding=&#8220;0px||||false|false&#8220; custom_css_main_element=&#8220;margin-top: 0px;||padding-top: 0px;&#8220; global_colors_info=&#8220;{}&#8220;][et_pb_row column_structure=&#8220;1_3,1_3,1_3&#8243; admin_label=&#8220;Kundenstimmen&#8220; _builder_version=&#8220;4.17.4&#8243; _module_preset=&#8220;default&#8220; global_colors_info=&#8220;{}&#8220;][et_pb_column type=&#8220;1_3&#8243; _builder_version=&#8220;4.16&#8243; _module_preset=&#8220;default&#8220; global_colors_info=&#8220;{}&#8220;][et_pb_testimonial author=&#8220;Alexander Schuler&#8220; job_title=&#8220;Verkaufsleiter&#8220; company_name=&#8220;Schr\u00f6der Fleischwarenfabrik GmbH &#038; Co KG&#8220; portrait_url=&#8220;https:\/\/trocis-showroom.de\/allcool\/wp-content\/uploads\/sites\/4\/2022\/07\/schroeder.png&#8220; quote_icon_color=&#8220;#2e75b6&#8243; portrait_width=&#8220;150px&#8220; admin_label=&#8220;Schr\u00f6der&#8220; _builder_version=&#8220;4.17.6&#8243; _module_preset=&#8220;default&#8220; body_font=&#8220;||on||||||&#8220; position_font=&#8220;||on||||||&#8220; company_font=&#8220;|700|||||||&#8220; company_text_color=&#8220;#E02B20&#8243; background_color=&#8220;#e5e5e5&#8243; custom_padding=&#8220;||||false|false&#8220; border_radii_portrait=&#8220;on|0px|0px|0px|0px&#8220; border_color_all_portrait=&#8220;#e5e5e5&#8243; box_shadow_style=&#8220;preset2&#8243; box_shadow_style_image=&#8220;preset1&#8243; box_shadow_vertical_image=&#8220;0px&#8220; box_shadow_blur_image=&#8220;0px&#8220; box_shadow_color_image=&#8220;#e5e5e5&#8243; global_colors_info=&#8220;{}&#8220;]<\/p>\n<p>Sehr guter Service, p\u00fcnktlich, zuverl\u00e4ssig, Theken immer im sehr guten Zustand.<\/p>\n<p>[\/et_pb_testimonial][\/et_pb_column][et_pb_column type=&#8220;1_3&#8243; _builder_version=&#8220;4.16&#8243; _module_preset=&#8220;default&#8220; global_colors_info=&#8220;{}&#8220;][et_pb_testimonial author=&#8220;Raffaela Luca&#8220; job_title=&#8220;Gesch\u00e4ftsf\u00fchrung&#8220; company_name=&#8220;TILS GmbH&#8220; portrait_url=&#8220;https:\/\/trocis-showroom.de\/allcool\/wp-content\/uploads\/sites\/4\/2022\/07\/tils.png&#8220; quote_icon_color=&#8220;#2e75b6&#8243; portrait_width=&#8220;150px&#8220; admin_label=&#8220;Tils&#8220; _builder_version=&#8220;4.17.4&#8243; _module_preset=&#8220;default&#8220; body_font=&#8220;||on||||||&#8220; position_font=&#8220;||on||||||&#8220; company_font=&#8220;|700|||||||&#8220; company_text_color=&#8220;#E02B20&#8243; background_color=&#8220;#e5e5e5&#8243; custom_padding=&#8220;||||false|false&#8220; border_radii_portrait=&#8220;on|0px|0px|0px|0px&#8220; border_color_all_portrait=&#8220;#e5e5e5&#8243; box_shadow_style=&#8220;preset2&#8243; box_shadow_style_image=&#8220;preset1&#8243; box_shadow_vertical_image=&#8220;0px&#8220; box_shadow_blur_image=&#8220;0px&#8220; box_shadow_color_image=&#8220;#e5e5e5&#8243; global_colors_info=&#8220;{}&#8220;]<\/p>\n<p>Wir sind mit der Firma Allcool sehr zufrieden. Sie gehen individuell auf den Kunden ein und finden immer eine L\u00f6sung. Lieferung sowie Abholung der K\u00fchltheke funktioniert einwandfrei.<\/p>\n<p>[\/et_pb_testimonial][\/et_pb_column][et_pb_column type=&#8220;1_3&#8243; _builder_version=&#8220;4.16&#8243; _module_preset=&#8220;default&#8220; global_colors_info=&#8220;{}&#8220;][\/et_pb_column][\/et_pb_row][\/et_pb_section]<\/p>\n","protected":false},"excerpt":{"rendered":"<p>K\u00fchlger\u00e4te und Tiefk\u00fchlger\u00e4te kaufen oder mietenIndividuelle K\u00fchll\u00f6sungen nach Ma\u00df Neben den klassischen K\u00fchl- und Tiefk\u00fchlger\u00e4ten bieten wir Ihnen auch individuelle K\u00fchll\u00f6sungen an.Mit unseren Partnern zusammen designen wir Ihre Wunschger\u00e4te! Branding mit Ihrem Logo oder Ihrer Werbebotschaft Neues Werbekonzept f\u00fcr Ihr K\u00fchlger\u00e4t erstellt durch unsere Designer Sonderanfertigungen nach Ihren Vorstellungen Finden Sie bei uns passende Ger\u00e4te [&hellip;]<\/p>\n","protected":false},"author":1,"featured_media":0,"parent":0,"menu_order":0,"comment_status":"closed","ping_status":"closed","template":"","meta":{"_et_pb_use_builder":"on","_et_pb_old_content":"","_et_gb_content_width":"","footnotes":""},"class_list":["post-470","page","type-page","status-publish","hentry"],"_links":{"self":[{"href":"https:\/\/trocis-showroom.de\/allcool\/wp-json\/wp\/v2\/pages\/470","targetHints":{"allow":["GET"]}}],"collection":[{"href":"https:\/\/trocis-showroom.de\/allcool\/wp-json\/wp\/v2\/pages"}],"about":[{"href":"https:\/\/trocis-showroom.de\/allcool\/wp-json\/wp\/v2\/types\/page"}],"author":[{"embeddable":true,"href":"https:\/\/trocis-showroom.de\/allcool\/wp-json\/wp\/v2\/users\/1"}],"replies":[{"embeddable":true,"href":"https:\/\/trocis-showroom.de\/allcool\/wp-json\/wp\/v2\/comments?post=470"}],"version-history":[{"count":404,"href":"https:\/\/trocis-showroom.de\/allcool\/wp-json\/wp\/v2\/pages\/470\/revisions"}],"predecessor-version":[{"id":3957,"href":"https:\/\/trocis-showroom.de\/allcool\/wp-json\/wp\/v2\/pages\/470\/revisions\/3957"}],"wp:attachment":[{"href":"https:\/\/trocis-showroom.de\/allcool\/wp-json\/wp\/v2\/media?parent=470"}],"curies":[{"name":"wp","href":"https:\/\/api.w.org\/{rel}","templated":true}]}}