{"id":645,"date":"2021-12-29T11:29:03","date_gmt":"2021-12-29T10:29:03","guid":{"rendered":"https:\/\/trocis-showroom.de\/allcool\/?page_id=645"},"modified":"2022-09-07T13:41:34","modified_gmt":"2022-09-07T11:41:34","slug":"luftreiniger","status":"publish","type":"page","link":"https:\/\/trocis-showroom.de\/allcool\/luftreiniger\/","title":{"rendered":"Luftreiniger"},"content":{"rendered":"<p>[et_pb_section fb_built=&#8220;1&#8243; fullwidth=&#8220;on&#8220; admin_label=&#8220;Header&#8220; _builder_version=&#8220;4.14.7&#8243; _module_preset=&#8220;default&#8220; global_module=&#8220;1036&#8243; saved_tabs=&#8220;all&#8220; global_colors_info=&#8220;{}&#8220;][et_pb_fullwidth_image src=&#8220;https:\/\/trocis-showroom.de\/allcool\/wp-content\/uploads\/sites\/4\/2022\/02\/header-bahnschrift.png&#8220; title_text=&#8220;header-bahnschrift&#8220; admin_label=&#8220;Polarlicht mit Logo + Slogan&#8220; _builder_version=&#8220;4.16&#8243; _module_preset=&#8220;default&#8220; global_colors_info=&#8220;{}&#8220;][\/et_pb_fullwidth_image][\/et_pb_section][et_pb_section fb_built=&#8220;1&#8243; admin_label=&#8220;Seiten-\u00dcberschrift&#8220; _builder_version=&#8220;4.16&#8243; _module_preset=&#8220;default&#8220; custom_margin=&#8220;||0px||false|false&#8220; custom_padding=&#8220;||0px||false|false&#8220; custom_css_main_element=&#8220;margin-top: 0px;||padding-top: 0px;&#8220; locked=&#8220;off&#8220; global_colors_info=&#8220;{}&#8220;][et_pb_row column_padding_mobile=&#8220;on&#8220; admin_label=&#8220;Seiten-\u00dcberschrift&#8220; _builder_version=&#8220;4.16&#8243; background_size=&#8220;initial&#8220; background_position=&#8220;top_left&#8220; background_repeat=&#8220;repeat&#8220; custom_padding=&#8220;30px||30px||false|false&#8220; locked=&#8220;off&#8220; global_colors_info=&#8220;{}&#8220;][et_pb_column type=&#8220;4_4&#8243; _builder_version=&#8220;4.16&#8243; custom_padding=&#8220;|||&#8220; global_colors_info=&#8220;{}&#8220; custom_padding__hover=&#8220;|||&#8220;][et_pb_blurb title=&#8220;Luftreiniger mieten oder kaufen&#8220; admin_label=&#8220;\u00dcberschrift&#8220; _builder_version=&#8220;4.18.0&#8243; header_font=&#8220;|700|||||||&#8220; header_text_color=&#8220;#2e75b6&#8243; header_font_size=&#8220;20px&#8220; header_letter_spacing=&#8220;1px&#8220; header_line_height=&#8220;1.6em&#8220; body_text_color=&#8220;#606060&#8243; body_font_size=&#8220;16px&#8220; background_size=&#8220;initial&#8220; background_position=&#8220;top_left&#8220; background_repeat=&#8220;repeat&#8220; text_orientation=&#8220;center&#8220; custom_margin=&#8220;||||false|false&#8220; custom_padding=&#8220;20px||||false|false&#8220; use_border_color=&#8220;off&#8220; border_color=&#8220;#ffffff&#8220; border_width=&#8220;1px&#8220; border_style=&#8220;solid&#8220; global_colors_info=&#8220;{}&#8220;][\/et_pb_blurb][\/et_pb_column][\/et_pb_row][\/et_pb_section][et_pb_section fb_built=&#8220;1&#8243; admin_label=&#8220;Luftreiniger TLR1&#8243; _builder_version=&#8220;4.17.6&#8243; _module_preset=&#8220;default&#8220; background_color=&#8220;#d4e5f5&#8243; background_color_gradient_start=&#8220;#d4d2e8&#8243; background_color_gradient_end=&#8220;#bdc1e2&#8243; custom_padding=&#8220;30px||30px||false|false&#8220; custom_css_main_element=&#8220;margin: 0;||padding: 0;||&#8220; global_colors_info=&#8220;{}&#8220;][et_pb_row column_structure=&#8220;1_2,1_2&#8243; admin_label=&#8220;Luftreiniger TLR1&#8243; _builder_version=&#8220;4.16.1&#8243; _module_preset=&#8220;default&#8220; global_colors_info=&#8220;{}&#8220;][et_pb_column type=&#8220;1_2&#8243; _builder_version=&#8220;4.16&#8243; _module_preset=&#8220;default&#8220; global_colors_info=&#8220;{}&#8220;][et_pb_text admin_label=&#8220;Daten&#8220; _builder_version=&#8220;4.16.1&#8243; _module_preset=&#8220;default&#8220; header_3_font=&#8220;|700|||||||&#8220; header_3_text_color=&#8220;#2e75b6&#8243; header_3_font_size=&#8220;16px&#8220; header_3_line_height=&#8220;1.7em&#8220; custom_margin=&#8220;||0px||false|false&#8220; custom_padding=&#8220;||10px||false|false&#8220; global_colors_info=&#8220;{}&#8220;]<\/p>\n<h3>Luftreiniger TLR1<\/h3>\n<p>Bestellnummer: TLR1<br \/>Au\u00dfenma\u00dfe (L x B x H): ca. 300 x 275 x 1.025 mm<br \/>Ger\u00e4uschpegel: 30 dB(A)<br \/>Raumgr\u00f6\u00dfe: ca. 50 m\u00b2<br \/>Gewicht: ca. 22 kg<br \/>Anschlusswerte: 220-240V (110 Volt m\u00f6glich)<br \/>Filtration: UV-C Leuchte<\/p>\n<p>[\/et_pb_text][et_pb_accordion open_toggle_text_color=&#8220;#2e75b6&#8243; icon_color=&#8220;#2e75b6&#8243; _builder_version=&#8220;4.18.0&#8243; _module_preset=&#8220;default&#8220; toggle_text_color=&#8220;#2e75b6&#8243; toggle_text_align=&#8220;center&#8220; toggle_font_size=&#8220;14px&#8220; background_color=&#8220;#d4e5f5&#8243; width=&#8220;72%&#8220; width_tablet=&#8220;70%&#8220; width_phone=&#8220;90%&#8220; width_last_edited=&#8220;on|phone&#8220; custom_margin=&#8220;||||false|false&#8220; custom_css_after=&#8220;color: #2e75b6;&#8220; custom_css_toggle_title=&#8220;padding-right: 20px;&#8220; border_radii=&#8220;on|10px|10px|10px|10px&#8220; border_color_all=&#8220;#2e75b6&#8243; global_colors_info=&#8220;{}&#8220;][et_pb_accordion_item title=&#8220;Kurzzeitmiete (mindestens 7 Tage)&#8220; open=&#8220;on&#8220; _builder_version=&#8220;4.17.6&#8243; _module_preset=&#8220;default&#8220; background_color=&#8220;#d4e5f5&#8243; background_enable_color=&#8220;on&#8220; custom_margin=&#8220;||3px||false|false&#8220; custom_padding=&#8220;5px|5px|5px|5px|false|false&#8220; global_colors_info=&#8220;{}&#8220; toggle_line_height=&#8220;1.5em&#8220;]<\/p>\n<div class=\"et_pb_module et_pb_text et_pb_text_0  et_pb_text_align_left et_pb_bg_layout_light\">\n<div class=\"et_pb_text_inner\">\n<p>Preis:\u00a0<strong>10 \u20ac pro Tag<\/strong><\/p>\n<\/div>\n<\/div>\n<div class=\"et_pb_module et_pb_text et_pb_text_1  et_pb_text_align_left et_pb_bg_layout_light\">\n<div class=\"et_pb_text_inner\">\n<p>Der angegebene Preis gilt pro Tag f\u00fcr die Mietzeit von mindestens 7 Tagen zzgl. Mehrwertsteuer und inklusive Transport f\u00fcr den Rhein-Sieg-Kreis.<\/p>\n<\/div>\n<\/div>\n<p>[\/et_pb_accordion_item][et_pb_accordion_item title=&#8220;Langzeitmiete (mindestens 3 Monate)&#8220; _builder_version=&#8220;4.17.6&#8243; _module_preset=&#8220;default&#8220; background_color=&#8220;#d4e5f5&#8243; background_enable_color=&#8220;on&#8220; custom_margin=&#8220;||3px||false|false&#8220; custom_padding=&#8220;5px|5px|5px|5px|false|false&#8220; global_colors_info=&#8220;{}&#8220; toggle_line_height=&#8220;1.5em&#8220; open=&#8220;off&#8220;]<\/p>\n<div class=\"et_pb_module et_pb_text et_pb_text_0  et_pb_text_align_left et_pb_bg_layout_light\">\n<div class=\"et_pb_text_inner\">\n<p>Preis:\u00a0<strong>120 \u20ac pro Monat<\/strong><\/p>\n<\/div>\n<\/div>\n<div class=\"et_pb_module et_pb_text et_pb_text_1  et_pb_text_align_left et_pb_bg_layout_light\">\n<div class=\"et_pb_text_inner\">\n<p>Der angegebene Preis gilt pro Monat f\u00fcr die Mietzeit von mindestens 3 Monaten zzgl. Mehrwertsteuer und inklusive Transport f\u00fcr den Rhein-Sieg-Kreis.<\/p>\n<\/div>\n<\/div>\n<p>[\/et_pb_accordion_item][et_pb_accordion_item title=&#8220;Mietleistungen&#8220; _builder_version=&#8220;4.18.0&#8243; _module_preset=&#8220;default&#8220; background_color=&#8220;#d4e5f5&#8243; background_enable_color=&#8220;on&#8220; custom_margin=&#8220;||3px||false|false&#8220; custom_padding=&#8220;5px|5px|5px|5px|false|false&#8220; hover_enabled=&#8220;0&#8243; global_colors_info=&#8220;{}&#8220; toggle_line_height=&#8220;1.5em&#8220; open=&#8220;off&#8220; sticky_enabled=&#8220;0&#8243;]<\/p>\n<div class=\"et_pb_module et_pb_text et_pb_text_0  et_pb_text_align_left et_pb_bg_layout_light\">\n<div class=\"et_pb_text_inner\">\n<p>Der in unserem Mietkatalog angegebene Mietpreis f\u00fcr Luftreiniger beinhaltet:<\/p>\n<ul style=\"margin-left: 5px;\">\n<li>Pers\u00f6nliche Anlieferung und Abholung der Ger\u00e4te<\/li>\n<li>Planung und Erstellung eines Raumkonzeptes<\/li>\n<li>Aufstellung und Installation<\/li>\n<li>Einweisung in die Funktionen<\/li>\n<li>Support und Aufstellung von Ersatzger\u00e4ten<\/li>\n<\/ul>\n<p>Die f\u00fcr die Luftreiniger angegebenen Preise sind Netto-Preise und sind in Kurzzeit- sowie Langzeitmiete f\u00fcr den Rhein-Sieg-Kreis unterteilt.<\/p>\n<p>Bei Lieferungen an Wochenenden und au\u00dferhalb des Rhein-Sieg-Kreises bitte gesonderte Transportkosten erfragen!<\/p>\n<p>F\u00fcr Bestellungen nehmen Sie bitte Kontakt mit uns auf oder verwenden unser <a href=\"https:\/\/www.allcool.de\/bestellung-mietgeraete\/\"><strong>Bestellformular<\/strong><\/a>.\n<\/div>\n<\/div>\n<p>[\/et_pb_accordion_item][et_pb_accordion_item title=&#8220;Kauf des Ger\u00e4tes&#8220; _builder_version=&#8220;4.17.6&#8243; _module_preset=&#8220;default&#8220; background_color=&#8220;#d4e5f5&#8243; background_enable_color=&#8220;on&#8220; custom_margin=&#8220;||3px||false|false&#8220; custom_padding=&#8220;5px|5px|5px|5px|false|false&#8220; global_colors_info=&#8220;{}&#8220; toggle_line_height=&#8220;1.5em&#8220; open=&#8220;off&#8220;]<\/p>\n<p style=\"text-align: center;\"><a href='https:\/\/www.allcool.de\/shop\/luftreiniger-tlr1.html' class='small-button small#2e75b6' target=\"_blank\">zum Onlineshop<\/a><\/p>\n<p>[\/et_pb_accordion_item][\/et_pb_accordion][\/et_pb_column][et_pb_column type=&#8220;1_2&#8243; _builder_version=&#8220;4.16&#8243; _module_preset=&#8220;default&#8220; global_colors_info=&#8220;{}&#8220;][et_pb_image src=&#8220;https:\/\/trocis-showroom.de\/allcool\/wp-content\/uploads\/sites\/4\/2022\/04\/tlr1.png&#8220; title_text=&#8220;tlr1&#8243; _builder_version=&#8220;4.16.1&#8243; _module_preset=&#8220;default&#8220; global_colors_info=&#8220;{}&#8220;][\/et_pb_image][\/et_pb_column][\/et_pb_row][\/et_pb_section][et_pb_section fb_built=&#8220;1&#8243; admin_label=&#8220;Luftreiniger PUCL-400-U&#8220; _builder_version=&#8220;4.16.1&#8243; _module_preset=&#8220;default&#8220; custom_padding=&#8220;30px||30px||false|false&#8220; custom_css_main_element=&#8220;margin: 0;||padding: 0;||&#8220; global_colors_info=&#8220;{}&#8220;][et_pb_row column_structure=&#8220;1_2,1_2&#8243; admin_label=&#8220;Luftreiniger PUCL-400-U&#8220; _builder_version=&#8220;4.16.1&#8243; _module_preset=&#8220;default&#8220; global_colors_info=&#8220;{}&#8220;][et_pb_column type=&#8220;1_2&#8243; _builder_version=&#8220;4.16&#8243; _module_preset=&#8220;default&#8220; global_colors_info=&#8220;{}&#8220;][et_pb_text admin_label=&#8220;Daten&#8220; _builder_version=&#8220;4.16.1&#8243; _module_preset=&#8220;default&#8220; header_3_font=&#8220;|700|||||||&#8220; header_3_text_color=&#8220;#2e75b6&#8243; header_3_font_size=&#8220;16px&#8220; header_3_line_height=&#8220;1.7em&#8220; custom_margin=&#8220;||0px||false|false&#8220; custom_padding=&#8220;||10px||false|false&#8220; global_colors_info=&#8220;{}&#8220;]<\/p>\n<h3>Luftreiniger PUCL-400-U<\/h3>\n<p>Bestellnummer: PUCL-400-U<br \/>Au\u00dfenma\u00dfe (L x B x H): 500 x 450 x 800 mm<br \/>Ger\u00e4uschpegel: 43 \u2013 59 dB(A)<br \/>Raumgr\u00f6\u00dfe: ca. 10 \u2013 75 m\u00b2<br \/>4 Stufen Filtration: G4 Vorfilter, H13 HEPA Filter, Aktivkohlefilter, UV-C Leuchte<br \/>Gewicht: ca. 24 kg<br \/>Luftfilterleistung: regelbar von ca. 70 \u2013 380 m\u00b3\/h<br \/>Anschlusswerte: 220-240V<br \/>Motor: 85 Watt (maximale Stromaufnahme)<\/p>\n<p>[\/et_pb_text][et_pb_accordion open_toggle_text_color=&#8220;#2e75b6&#8243; icon_color=&#8220;#2e75b6&#8243; _builder_version=&#8220;4.18.0&#8243; _module_preset=&#8220;default&#8220; toggle_text_color=&#8220;#2e75b6&#8243; toggle_text_align=&#8220;center&#8220; toggle_font_size=&#8220;14px&#8220; background_color=&#8220;#ffffff&#8220; width=&#8220;72%&#8220; width_tablet=&#8220;70%&#8220; width_phone=&#8220;90%&#8220; width_last_edited=&#8220;on|phone&#8220; custom_margin=&#8220;||||false|false&#8220; hover_enabled=&#8220;0&#8243; custom_css_after=&#8220;color: #2e75b6;&#8220; custom_css_toggle_title=&#8220;padding-right: 20px;&#8220; border_radii=&#8220;on|10px|10px|10px|10px&#8220; border_color_all=&#8220;#2e75b6&#8243; global_colors_info=&#8220;{}&#8220; sticky_enabled=&#8220;0&#8243;][et_pb_accordion_item title=&#8220;Kurzzeitmiete (mindestens 7 Tage)&#8220; open=&#8220;on&#8220; _builder_version=&#8220;4.16.1&#8243; _module_preset=&#8220;default&#8220; background_color=&#8220;#ffffff&#8220; background_enable_color=&#8220;on&#8220; custom_margin=&#8220;||3px||false|false&#8220; custom_padding=&#8220;5px|5px|5px|5px|false|false&#8220; global_colors_info=&#8220;{}&#8220; toggle_line_height=&#8220;1.5em&#8220;]<\/p>\n<div class=\"et_pb_module et_pb_text et_pb_text_0  et_pb_text_align_left et_pb_bg_layout_light\">\n<div class=\"et_pb_text_inner\">\n<p>Preis:\u00a0<strong>14 \u20ac pro Tag<\/strong><\/p>\n<\/div>\n<\/div>\n<div class=\"et_pb_module et_pb_text et_pb_text_1  et_pb_text_align_left et_pb_bg_layout_light\">\n<div class=\"et_pb_text_inner\">\n<p>Der angegebene Preis gilt pro Tag f\u00fcr die Mietzeit von mindestens 7 Tagen zzgl. Mehrwertsteuer und inklusive Transport f\u00fcr den Rhein-Sieg-Kreis.<\/p>\n<\/div>\n<\/div>\n<p>[\/et_pb_accordion_item][et_pb_accordion_item title=&#8220;Langzeitmiete (mindestens 3 Monate)&#8220; _builder_version=&#8220;4.16.1&#8243; _module_preset=&#8220;default&#8220; background_color=&#8220;#ffffff&#8220; background_enable_color=&#8220;on&#8220; custom_margin=&#8220;||3px||false|false&#8220; custom_padding=&#8220;5px|5px|5px|5px|false|false&#8220; global_colors_info=&#8220;{}&#8220; toggle_line_height=&#8220;1.5em&#8220; open=&#8220;off&#8220;]<\/p>\n<div class=\"et_pb_module et_pb_text et_pb_text_0  et_pb_text_align_left et_pb_bg_layout_light\">\n<div class=\"et_pb_text_inner\">\n<p>Preis:\u00a0<strong>180 \u20ac pro Monat<\/strong><\/p>\n<\/div>\n<\/div>\n<div class=\"et_pb_module et_pb_text et_pb_text_1  et_pb_text_align_left et_pb_bg_layout_light\">\n<div class=\"et_pb_text_inner\">\n<p>Der angegebene Preis gilt pro Monat f\u00fcr die Mietzeit von mindestens 3 Monaten zzgl. Mehrwertsteuer und inklusive Transport f\u00fcr den Rhein-Sieg-Kreis.<\/p>\n<\/div>\n<\/div>\n<p>[\/et_pb_accordion_item][et_pb_accordion_item title=&#8220;Mietleistungen&#8220; open=&#8220;on&#8220; _builder_version=&#8220;4.18.0&#8243; _module_preset=&#8220;default&#8220; background_color=&#8220;#ffffff&#8220; background_enable_color=&#8220;on&#8220; custom_margin=&#8220;||3px||false|false&#8220; custom_padding=&#8220;5px|5px|5px|5px|false|false&#8220; hover_enabled=&#8220;0&#8243; global_colors_info=&#8220;{}&#8220; toggle_line_height=&#8220;1.5em&#8220; sticky_enabled=&#8220;0&#8243;]<\/p>\n<div class=\"et_pb_module et_pb_text et_pb_text_0  et_pb_text_align_left et_pb_bg_layout_light\">\n<div class=\"et_pb_text_inner\">\n<p>Der in unserem Mietkatalog angegebene Mietpreis f\u00fcr Luftreiniger beinhaltet:<\/p>\n<ul style=\"margin-left: 5px;\">\n<li>Pers\u00f6nliche Anlieferung und Abholung der Ger\u00e4te<\/li>\n<li>Planung und Erstellung eines Raumkonzeptes<\/li>\n<li>Aufstellung und Installation<\/li>\n<li>Einweisung in die Funktionen<\/li>\n<li>Support und Aufstellung von Ersatzger\u00e4ten<\/li>\n<\/ul>\n<p>Die f\u00fcr die Luftreiniger angegebenen Preise sind Netto-Preise und sind in Kurzzeit- sowie Langzeitmiete f\u00fcr den Rhein-Sieg-Kreis unterteilt.<\/p>\n<p>Bei Lieferungen an Wochenenden und au\u00dferhalb des Rhein-Sieg-Kreises bitte gesonderte Transportkosten erfragen!<\/p>\n<p>F\u00fcr Bestellungen nehmen Sie bitte Kontakt mit uns auf oder verwenden unser <a href=\"https:\/\/www.allcool.de\/bestellung-mietgeraete\/\"><strong>Bestellformular<\/strong><\/a>.\n<\/div>\n<\/div>\n<p>[\/et_pb_accordion_item][et_pb_accordion_item title=&#8220;Kauf des Ger\u00e4tes&#8220; _builder_version=&#8220;4.16.1&#8243; _module_preset=&#8220;default&#8220; background_color=&#8220;#ffffff&#8220; background_enable_color=&#8220;on&#8220; custom_margin=&#8220;||3px||false|false&#8220; custom_padding=&#8220;5px|5px|5px|5px|false|false&#8220; global_colors_info=&#8220;{}&#8220; toggle_line_height=&#8220;1.5em&#8220; open=&#8220;off&#8220;]<\/p>\n<p style=\"text-align: center;\"><a href='https:\/\/www.allcool.de\/shop\/luftreiniger-pucl-400-u.html' class='small-button small#2e75b6' target=\"_blank\">zum Onlineshop<\/a><\/p>\n<p>[\/et_pb_accordion_item][\/et_pb_accordion][\/et_pb_column][et_pb_column type=&#8220;1_2&#8243; _builder_version=&#8220;4.16&#8243; _module_preset=&#8220;default&#8220; global_colors_info=&#8220;{}&#8220;][et_pb_image src=&#8220;https:\/\/trocis-showroom.de\/allcool\/wp-content\/uploads\/sites\/4\/2022\/04\/pucl-400-u.png&#8220; title_text=&#8220;pucl-400-u&#8220; _builder_version=&#8220;4.16.1&#8243; _module_preset=&#8220;default&#8220; global_colors_info=&#8220;{}&#8220;][\/et_pb_image][\/et_pb_column][\/et_pb_row][\/et_pb_section][et_pb_section fb_built=&#8220;1&#8243; admin_label=&#8220;Luftreiniger PUCL-1000-U&#8220; _builder_version=&#8220;4.17.6&#8243; _module_preset=&#8220;default&#8220; background_color=&#8220;#d4e5f5&#8243; background_color_gradient_start=&#8220;#d4d2e8&#8243; background_color_gradient_end=&#8220;#bdc1e2&#8243; custom_padding=&#8220;30px||30px||false|false&#8220; custom_css_main_element=&#8220;margin: 0;||padding: 0;||&#8220; global_colors_info=&#8220;{}&#8220;][et_pb_row column_structure=&#8220;1_2,1_2&#8243; admin_label=&#8220;Luftreiniger PUCL-1000-U&#8220; _builder_version=&#8220;4.16.1&#8243; _module_preset=&#8220;default&#8220; global_colors_info=&#8220;{}&#8220;][et_pb_column type=&#8220;1_2&#8243; _builder_version=&#8220;4.16&#8243; _module_preset=&#8220;default&#8220; global_colors_info=&#8220;{}&#8220;][et_pb_text admin_label=&#8220;Daten&#8220; _builder_version=&#8220;4.16.1&#8243; _module_preset=&#8220;default&#8220; header_3_font=&#8220;|700|||||||&#8220; header_3_text_color=&#8220;#2e75b6&#8243; header_3_font_size=&#8220;16px&#8220; header_3_line_height=&#8220;1.7em&#8220; custom_margin=&#8220;||0px||false|false&#8220; custom_padding=&#8220;||10px||false|false&#8220; global_colors_info=&#8220;{}&#8220;]<\/p>\n<h3>Luftreiniger PUCL-1000-U<\/h3>\n<p>Bestellnummer: PUCL-1000-U<br \/>Au\u00dfenma\u00dfe (L x B x H): ca. 650 x 690 x 1.050 mm<br \/>Ger\u00e4uschpegel: 46 &#8211; 58 dB(A)<br \/>Raumgr\u00f6\u00dfe: ca. 80 &#8211; 170 m\u00b2<br \/>4 Stufen Filtration: G4 Vorfilter, H13 HEPA Filter, Aktivkohlefilter, UV-C Leuchte<br \/>Gewicht: ca. 41 kg<br \/>Luftfilterleistung: regelbar von ca. 185 \u2013 910 m\u00b3\/h<br \/>Anschlusswerte: 220-240V (110 Volt m\u00f6glich)<br \/>Motor: 170 Watt (maximale Stromaufnahme)<\/p>\n<p>[\/et_pb_text][et_pb_accordion open_toggle_text_color=&#8220;#2e75b6&#8243; icon_color=&#8220;#2e75b6&#8243; _builder_version=&#8220;4.18.0&#8243; _module_preset=&#8220;default&#8220; toggle_text_color=&#8220;#2e75b6&#8243; toggle_text_align=&#8220;center&#8220; toggle_font_size=&#8220;14px&#8220; background_color=&#8220;#d4e5f5&#8243; width=&#8220;72%&#8220; width_tablet=&#8220;70%&#8220; width_phone=&#8220;90%&#8220; width_last_edited=&#8220;on|phone&#8220; custom_margin=&#8220;||||false|false&#8220; hover_enabled=&#8220;0&#8243; custom_css_after=&#8220;color: #2e75b6;&#8220; custom_css_toggle_title=&#8220;padding-right: 20px;&#8220; border_radii=&#8220;on|10px|10px|10px|10px&#8220; border_color_all=&#8220;#2e75b6&#8243; global_colors_info=&#8220;{}&#8220; sticky_enabled=&#8220;0&#8243;][et_pb_accordion_item title=&#8220;Kurzzeitmiete (mindestens 7 Tage)&#8220; open=&#8220;on&#8220; _builder_version=&#8220;4.17.6&#8243; _module_preset=&#8220;default&#8220; background_color=&#8220;#d4e5f5&#8243; background_enable_color=&#8220;on&#8220; custom_margin=&#8220;||3px||false|false&#8220; custom_padding=&#8220;5px|5px|5px|5px|false|false&#8220; global_colors_info=&#8220;{}&#8220; toggle_line_height=&#8220;1.5em&#8220;]<\/p>\n<div class=\"et_pb_module et_pb_text et_pb_text_0  et_pb_text_align_left et_pb_bg_layout_light\">\n<div class=\"et_pb_text_inner\">\n<p>Preis:\u00a0<strong>16 \u20ac pro Tag<\/strong><\/p>\n<\/div>\n<\/div>\n<div class=\"et_pb_module et_pb_text et_pb_text_1  et_pb_text_align_left et_pb_bg_layout_light\">\n<div class=\"et_pb_text_inner\">\n<p>Der angegebene Preis gilt pro Tag f\u00fcr die Mietzeit von mindestens 7 Tagen zzgl. Mehrwertsteuer und inklusive Transport f\u00fcr den Rhein-Sieg-Kreis.<\/p>\n<\/div>\n<\/div>\n<p>[\/et_pb_accordion_item][et_pb_accordion_item title=&#8220;Langzeitmiete (mindestens 3 Monate)&#8220; _builder_version=&#8220;4.17.6&#8243; _module_preset=&#8220;default&#8220; background_color=&#8220;#d4e5f5&#8243; background_enable_color=&#8220;on&#8220; custom_margin=&#8220;||3px||false|false&#8220; custom_padding=&#8220;5px|5px|5px|5px|false|false&#8220; global_colors_info=&#8220;{}&#8220; toggle_line_height=&#8220;1.5em&#8220; open=&#8220;off&#8220;]<\/p>\n<div class=\"et_pb_module et_pb_text et_pb_text_0  et_pb_text_align_left et_pb_bg_layout_light\">\n<div class=\"et_pb_text_inner\">\n<p>Preis:\u00a0<strong>240 \u20ac pro Monat<\/strong><\/p>\n<\/div>\n<\/div>\n<div class=\"et_pb_module et_pb_text et_pb_text_1  et_pb_text_align_left et_pb_bg_layout_light\">\n<div class=\"et_pb_text_inner\">\n<p>Der angegebene Preis gilt pro Monat f\u00fcr die Mietzeit von mindestens 3 Monaten zzgl. Mehrwertsteuer und inklusive Transport f\u00fcr den Rhein-Sieg-Kreis.<\/p>\n<\/div>\n<\/div>\n<p>[\/et_pb_accordion_item][et_pb_accordion_item title=&#8220;Mietleistungen&#8220; open=&#8220;on&#8220; _builder_version=&#8220;4.18.0&#8243; _module_preset=&#8220;default&#8220; background_color=&#8220;#d4e5f5&#8243; background_enable_color=&#8220;on&#8220; custom_margin=&#8220;||3px||false|false&#8220; custom_padding=&#8220;5px|5px|5px|5px|false|false&#8220; hover_enabled=&#8220;0&#8243; global_colors_info=&#8220;{}&#8220; toggle_line_height=&#8220;1.5em&#8220; sticky_enabled=&#8220;0&#8243;]<\/p>\n<div class=\"et_pb_module et_pb_text et_pb_text_0  et_pb_text_align_left et_pb_bg_layout_light\">\n<div class=\"et_pb_text_inner\">\n<p>Der in unserem Mietkatalog angegebene Mietpreis f\u00fcr Luftreiniger beinhaltet:<\/p>\n<ul style=\"margin-left: 5px;\">\n<li>Pers\u00f6nliche Anlieferung und Abholung der Ger\u00e4te<\/li>\n<li>Planung und Erstellung eines Raumkonzeptes<\/li>\n<li>Aufstellung und Installation<\/li>\n<li>Einweisung in die Funktionen<\/li>\n<li>Support und Aufstellung von Ersatzger\u00e4ten<\/li>\n<\/ul>\n<p>Die f\u00fcr die Luftreiniger angegebenen Preise sind Netto-Preise und sind in Kurzzeit- sowie Langzeitmiete f\u00fcr den Rhein-Sieg-Kreis unterteilt.<\/p>\n<p>Bei Lieferungen an Wochenenden und au\u00dferhalb des Rhein-Sieg-Kreises bitte gesonderte Transportkosten erfragen!<\/p>\n<p>F\u00fcr Bestellungen nehmen Sie bitte Kontakt mit uns auf oder verwenden unser <a href=\"https:\/\/www.allcool.de\/bestellung-mietgeraete\/\"><strong>Bestellformular<\/strong><\/a>.\n<\/div>\n<\/div>\n<p>[\/et_pb_accordion_item][et_pb_accordion_item title=&#8220;Kauf des Ger\u00e4tes&#8220; _builder_version=&#8220;4.17.6&#8243; _module_preset=&#8220;default&#8220; background_color=&#8220;#d4e5f5&#8243; background_enable_color=&#8220;on&#8220; custom_margin=&#8220;||3px||false|false&#8220; custom_padding=&#8220;5px|5px|5px|5px|false|false&#8220; global_colors_info=&#8220;{}&#8220; toggle_line_height=&#8220;1.5em&#8220; open=&#8220;off&#8220;]<\/p>\n<p style=\"text-align: center;\"><a href='https:\/\/www.allcool.de\/shop\/luftreiniger-pucl-1000-u.html' class='small-button small#2e75b6' target=\"_blank\">zum Onlineshop<\/a><\/p>\n<p>[\/et_pb_accordion_item][\/et_pb_accordion][\/et_pb_column][et_pb_column type=&#8220;1_2&#8243; _builder_version=&#8220;4.16&#8243; _module_preset=&#8220;default&#8220; global_colors_info=&#8220;{}&#8220;][et_pb_image src=&#8220;https:\/\/trocis-showroom.de\/allcool\/wp-content\/uploads\/sites\/4\/2022\/04\/pucl-1000-u.png&#8220; title_text=&#8220;pucl-1000-u&#8220; _builder_version=&#8220;4.16.1&#8243; _module_preset=&#8220;default&#8220; global_colors_info=&#8220;{}&#8220;][\/et_pb_image][\/et_pb_column][\/et_pb_row][\/et_pb_section][et_pb_section fb_built=&#8220;1&#8243; admin_label=&#8220;Luftreiniger X 45&#8243; _builder_version=&#8220;4.16.1&#8243; _module_preset=&#8220;default&#8220; custom_padding=&#8220;30px||30px||false|false&#8220; custom_css_main_element=&#8220;margin: 0;||padding: 0;||&#8220; global_colors_info=&#8220;{}&#8220;][et_pb_row column_structure=&#8220;1_2,1_2&#8243; admin_label=&#8220;Luftreiniger X 45&#8243; _builder_version=&#8220;4.16.1&#8243; _module_preset=&#8220;default&#8220; global_colors_info=&#8220;{}&#8220;][et_pb_column type=&#8220;1_2&#8243; _builder_version=&#8220;4.16&#8243; _module_preset=&#8220;default&#8220; global_colors_info=&#8220;{}&#8220;][et_pb_text admin_label=&#8220;Daten&#8220; _builder_version=&#8220;4.16.1&#8243; _module_preset=&#8220;default&#8220; header_3_font=&#8220;|700|||||||&#8220; header_3_text_color=&#8220;#2e75b6&#8243; header_3_font_size=&#8220;16px&#8220; header_3_line_height=&#8220;1.7em&#8220; custom_margin=&#8220;||0px||false|false&#8220; custom_padding=&#8220;||10px||false|false&#8220; global_colors_info=&#8220;{}&#8220;]<\/p>\n<h3>Luftreiniger X 45<\/h3>\n<p>Bestellnummer: X 45<br \/>Au\u00dfenma\u00dfe (L x B x H): 380 x 380 x 1.250 mm<br \/>Ger\u00e4uschpegel: 20 \u2013 49 dB(A)<br \/>Raumgr\u00f6\u00dfe: ca. 45 m\u00b2<br \/>5 Stufen Filtration: G4 Vorfilter, F7 Feinfilter, H14 HEPA, Aktivkohle, Nachfilter<br \/>Gewicht: ca. 38 kg<br \/>Luftfilterleistung: Stufenlos regelbar von ca. 100 \u2013 700 m\u00b3\/h<br \/>Anschlusswerte: 220-240V (110 Volt m\u00f6glich)<br \/>Motor: 170 Watt (maximale Stromaufnahme)<\/p>\n<p>[\/et_pb_text][et_pb_accordion open_toggle_text_color=&#8220;#2e75b6&#8243; icon_color=&#8220;#2e75b6&#8243; _builder_version=&#8220;4.18.0&#8243; _module_preset=&#8220;default&#8220; toggle_text_color=&#8220;#2e75b6&#8243; toggle_text_align=&#8220;center&#8220; toggle_font_size=&#8220;14px&#8220; background_color=&#8220;#ffffff&#8220; width=&#8220;72%&#8220; width_tablet=&#8220;70%&#8220; width_phone=&#8220;90%&#8220; width_last_edited=&#8220;on|phone&#8220; custom_margin=&#8220;||||false|false&#8220; hover_enabled=&#8220;0&#8243; custom_css_after=&#8220;color: #2e75b6;&#8220; custom_css_toggle_title=&#8220;padding-right: 20px;&#8220; border_radii=&#8220;on|10px|10px|10px|10px&#8220; border_color_all=&#8220;#2e75b6&#8243; global_colors_info=&#8220;{}&#8220; sticky_enabled=&#8220;0&#8243;][et_pb_accordion_item title=&#8220;Kurzzeitmiete (mindestens 7 Tage)&#8220; open=&#8220;on&#8220; _builder_version=&#8220;4.16.1&#8243; _module_preset=&#8220;default&#8220; background_color=&#8220;#ffffff&#8220; background_enable_color=&#8220;on&#8220; custom_margin=&#8220;||3px||false|false&#8220; custom_padding=&#8220;5px|5px|5px|5px|false|false&#8220; global_colors_info=&#8220;{}&#8220; toggle_line_height=&#8220;1.5em&#8220;]<\/p>\n<div class=\"et_pb_module et_pb_text et_pb_text_0  et_pb_text_align_left et_pb_bg_layout_light\">\n<div class=\"et_pb_text_inner\">\n<p>Preis:\u00a0<strong>16 \u20ac pro Tag<\/strong><\/p>\n<\/div>\n<\/div>\n<div class=\"et_pb_module et_pb_text et_pb_text_1  et_pb_text_align_left et_pb_bg_layout_light\">\n<div class=\"et_pb_text_inner\">\n<p>Der angegebene Preis gilt pro Tag f\u00fcr die Mietzeit von mindestens 7 Tagen zzgl. Mehrwertsteuer und inklusive Transport f\u00fcr den Rhein-Sieg-Kreis.<\/p>\n<\/div>\n<\/div>\n<p>[\/et_pb_accordion_item][et_pb_accordion_item title=&#8220;Langzeitmiete (mindestens 3 Monate)&#8220; _builder_version=&#8220;4.16.1&#8243; _module_preset=&#8220;default&#8220; background_color=&#8220;#ffffff&#8220; background_enable_color=&#8220;on&#8220; custom_margin=&#8220;||3px||false|false&#8220; custom_padding=&#8220;5px|5px|5px|5px|false|false&#8220; global_colors_info=&#8220;{}&#8220; toggle_line_height=&#8220;1.5em&#8220; open=&#8220;off&#8220;]<\/p>\n<div class=\"et_pb_module et_pb_text et_pb_text_0  et_pb_text_align_left et_pb_bg_layout_light\">\n<div class=\"et_pb_text_inner\">\n<p>Preis:\u00a0<strong>240 \u20ac pro Monat<\/strong><\/p>\n<\/div>\n<\/div>\n<div class=\"et_pb_module et_pb_text et_pb_text_1  et_pb_text_align_left et_pb_bg_layout_light\">\n<div class=\"et_pb_text_inner\">\n<p>Der angegebene Preis gilt pro Monat f\u00fcr die Mietzeit von mindestens 3 Monaten zzgl. Mehrwertsteuer und inklusive Transport f\u00fcr den Rhein-Sieg-Kreis.<\/p>\n<\/div>\n<\/div>\n<p>[\/et_pb_accordion_item][et_pb_accordion_item title=&#8220;Mietleistungen&#8220; open=&#8220;on&#8220; _builder_version=&#8220;4.18.0&#8243; _module_preset=&#8220;default&#8220; background_color=&#8220;#ffffff&#8220; background_enable_color=&#8220;on&#8220; custom_margin=&#8220;||3px||false|false&#8220; custom_padding=&#8220;5px|5px|5px|5px|false|false&#8220; hover_enabled=&#8220;0&#8243; global_colors_info=&#8220;{}&#8220; toggle_line_height=&#8220;1.5em&#8220; sticky_enabled=&#8220;0&#8243;]<\/p>\n<div class=\"et_pb_module et_pb_text et_pb_text_0  et_pb_text_align_left et_pb_bg_layout_light\">\n<div class=\"et_pb_text_inner\">\n<p>Der in unserem Mietkatalog angegebene Mietpreis f\u00fcr Luftreiniger beinhaltet:<\/p>\n<ul style=\"margin-left: 5px;\">\n<li>Pers\u00f6nliche Anlieferung und Abholung der Ger\u00e4te<\/li>\n<li>Planung und Erstellung eines Raumkonzeptes<\/li>\n<li>Aufstellung und Installation<\/li>\n<li>Einweisung in die Funktionen<\/li>\n<li>Support und Aufstellung von Ersatzger\u00e4ten<\/li>\n<\/ul>\n<p>Die f\u00fcr die Luftreiniger angegebenen Preise sind Netto-Preise und sind in Kurzzeit- sowie Langzeitmiete f\u00fcr den Rhein-Sieg-Kreis unterteilt.<\/p>\n<p>Bei Lieferungen an Wochenenden und au\u00dferhalb des Rhein-Sieg-Kreises bitte gesonderte Transportkosten erfragen!<\/p>\n<p>F\u00fcr Bestellungen nehmen Sie bitte Kontakt mit uns auf oder verwenden unser <a href=\"https:\/\/www.allcool.de\/bestellung-mietgeraete\/\"><strong>Bestellformular<\/strong><\/a>.\n<\/div>\n<\/div>\n<p>[\/et_pb_accordion_item][et_pb_accordion_item title=&#8220;Kauf des Ger\u00e4tes&#8220; _builder_version=&#8220;4.16.1&#8243; _module_preset=&#8220;default&#8220; background_color=&#8220;#ffffff&#8220; background_enable_color=&#8220;on&#8220; custom_margin=&#8220;||3px||false|false&#8220; custom_padding=&#8220;5px|5px|5px|5px|false|false&#8220; global_colors_info=&#8220;{}&#8220; toggle_line_height=&#8220;1.5em&#8220; open=&#8220;off&#8220;]<\/p>\n<p style=\"text-align: center;\"><a href='https:\/\/www.allcool.de\/shop\/luftreiniger-x45-x-l.html' class='small-button small#2e75b6' target=\"_blank\">zum Onlineshop<\/a><\/p>\n<p>[\/et_pb_accordion_item][\/et_pb_accordion][\/et_pb_column][et_pb_column type=&#8220;1_2&#8243; _builder_version=&#8220;4.16&#8243; _module_preset=&#8220;default&#8220; global_colors_info=&#8220;{}&#8220;][et_pb_image src=&#8220;https:\/\/trocis-showroom.de\/allcool\/wp-content\/uploads\/sites\/4\/2022\/04\/luftreiniger-x45.png&#8220; title_text=&#8220;luftreiniger-x45&#8243; _builder_version=&#8220;4.16.1&#8243; _module_preset=&#8220;default&#8220; global_colors_info=&#8220;{}&#8220;][\/et_pb_image][\/et_pb_column][\/et_pb_row][\/et_pb_section][et_pb_section fb_built=&#8220;1&#8243; admin_label=&#8220;Luftreiniger X 80&#8243; _builder_version=&#8220;4.17.6&#8243; _module_preset=&#8220;default&#8220; background_color=&#8220;#d4e5f5&#8243; background_color_gradient_start=&#8220;#d4d2e8&#8243; background_color_gradient_end=&#8220;#bdc1e2&#8243; custom_padding=&#8220;30px||30px||false|false&#8220; custom_css_main_element=&#8220;margin: 0;||padding: 0;||&#8220; global_colors_info=&#8220;{}&#8220;][et_pb_row column_structure=&#8220;1_2,1_2&#8243; admin_label=&#8220;Luftreiniger X 80&#8243; _builder_version=&#8220;4.16.1&#8243; _module_preset=&#8220;default&#8220; global_colors_info=&#8220;{}&#8220;][et_pb_column type=&#8220;1_2&#8243; _builder_version=&#8220;4.16&#8243; _module_preset=&#8220;default&#8220; global_colors_info=&#8220;{}&#8220;][et_pb_text admin_label=&#8220;Daten&#8220; _builder_version=&#8220;4.16.1&#8243; _module_preset=&#8220;default&#8220; header_3_font=&#8220;|700|||||||&#8220; header_3_text_color=&#8220;#2e75b6&#8243; header_3_font_size=&#8220;16px&#8220; header_3_line_height=&#8220;1.7em&#8220; custom_margin=&#8220;||0px||false|false&#8220; custom_padding=&#8220;||10px||false|false&#8220; global_colors_info=&#8220;{}&#8220;]<\/p>\n<h3>Luftreiniger X 80<\/h3>\n<p>Bestellnummer: X 80<br \/>Au\u00dfenma\u00dfe (L x B x H): ca. 490 x 490 x 1.570 mm<br \/>Ger\u00e4uschpegel: 20 &#8211; 53 dB(A)<br \/>Raumgr\u00f6\u00dfe: ca. 80 m\u00b2<br \/>5 Stufen Filtration: G4 Vorfilter, F7 Feinfilter, H14 HEPA, Aktivkohle, Nachfilter<br \/>Gewicht: ca. 55 kg<br \/>Luftfilterleistung: Stufenlos regelbar von ca. 100 \u2013 1.400 m\u00b3\/h<br \/>Anschlusswerte: 220-240V (110 Volt m\u00f6glich)<br \/>Motor: 385 Watt (maximale Stromaufnahme)<\/p>\n<p>[\/et_pb_text][et_pb_accordion open_toggle_text_color=&#8220;#2e75b6&#8243; icon_color=&#8220;#2e75b6&#8243; _builder_version=&#8220;4.18.0&#8243; _module_preset=&#8220;default&#8220; toggle_text_color=&#8220;#2e75b6&#8243; toggle_text_align=&#8220;center&#8220; toggle_font_size=&#8220;14px&#8220; background_color=&#8220;#d4e5f5&#8243; width=&#8220;72%&#8220; width_tablet=&#8220;70%&#8220; width_phone=&#8220;90%&#8220; width_last_edited=&#8220;on|phone&#8220; custom_margin=&#8220;||||false|false&#8220; hover_enabled=&#8220;0&#8243; custom_css_after=&#8220;color: #2e75b6;&#8220; custom_css_toggle_title=&#8220;padding-right: 20px;&#8220; border_radii=&#8220;on|10px|10px|10px|10px&#8220; border_color_all=&#8220;#2e75b6&#8243; global_colors_info=&#8220;{}&#8220; sticky_enabled=&#8220;0&#8243;][et_pb_accordion_item title=&#8220;Kurzzeitmiete (mindestens 7 Tage)&#8220; open=&#8220;on&#8220; _builder_version=&#8220;4.17.6&#8243; _module_preset=&#8220;default&#8220; background_color=&#8220;#d4e5f5&#8243; background_enable_color=&#8220;on&#8220; custom_margin=&#8220;||3px||false|false&#8220; custom_padding=&#8220;5px|5px|5px|5px|false|false&#8220; global_colors_info=&#8220;{}&#8220; toggle_line_height=&#8220;1.5em&#8220;]<\/p>\n<div class=\"et_pb_module et_pb_text et_pb_text_0  et_pb_text_align_left et_pb_bg_layout_light\">\n<div class=\"et_pb_text_inner\">\n<p>Preis: <strong>26 \u20ac pro Tag<\/strong><\/p>\n<\/div>\n<\/div>\n<div class=\"et_pb_module et_pb_text et_pb_text_1  et_pb_text_align_left et_pb_bg_layout_light\">\n<div class=\"et_pb_text_inner\">\n<p>Der angegebene Preis gilt pro Tag f\u00fcr die Mietzeit von mindestens 7 Tagen zzgl. Mehrwertsteuer und inklusive Transport f\u00fcr den Rhein-Sieg-Kreis.<\/p>\n<\/div>\n<\/div>\n<p>[\/et_pb_accordion_item][et_pb_accordion_item title=&#8220;Langzeitmiete (mindestens 3 Monate)&#8220; _builder_version=&#8220;4.17.6&#8243; _module_preset=&#8220;default&#8220; background_color=&#8220;#d4e5f5&#8243; background_enable_color=&#8220;on&#8220; custom_margin=&#8220;||3px||false|false&#8220; custom_padding=&#8220;5px|5px|5px|5px|false|false&#8220; global_colors_info=&#8220;{}&#8220; toggle_line_height=&#8220;1.5em&#8220; open=&#8220;off&#8220;]<\/p>\n<div class=\"et_pb_module et_pb_text et_pb_text_0  et_pb_text_align_left et_pb_bg_layout_light\">\n<div class=\"et_pb_text_inner\">\n<p>Preis:\u00a0<strong>290 \u20ac pro Monat<\/strong><\/p>\n<\/div>\n<\/div>\n<div class=\"et_pb_module et_pb_text et_pb_text_1  et_pb_text_align_left et_pb_bg_layout_light\">\n<div class=\"et_pb_text_inner\">\n<p>Der angegebene Preis gilt pro Monat f\u00fcr die Mietzeit von mindestens 3 Monaten zzgl. Mehrwertsteuer und inklusive Transport f\u00fcr den Rhein-Sieg-Kreis.<\/p>\n<\/div>\n<\/div>\n<p>[\/et_pb_accordion_item][et_pb_accordion_item title=&#8220;Mietleistungen&#8220; open=&#8220;on&#8220; _builder_version=&#8220;4.18.0&#8243; _module_preset=&#8220;default&#8220; background_color=&#8220;#d4e5f5&#8243; background_enable_color=&#8220;on&#8220; custom_margin=&#8220;||3px||false|false&#8220; custom_padding=&#8220;5px|5px|5px|5px|false|false&#8220; hover_enabled=&#8220;0&#8243; global_colors_info=&#8220;{}&#8220; toggle_line_height=&#8220;1.5em&#8220; sticky_enabled=&#8220;0&#8243;]<\/p>\n<div class=\"et_pb_module et_pb_text et_pb_text_0  et_pb_text_align_left et_pb_bg_layout_light\">\n<div class=\"et_pb_text_inner\">\n<p>Der in unserem Mietkatalog angegebene Mietpreis f\u00fcr Luftreiniger beinhaltet:<\/p>\n<ul style=\"margin-left: 5px;\">\n<li>Pers\u00f6nliche Anlieferung und Abholung der Ger\u00e4te<\/li>\n<li>Planung und Erstellung eines Raumkonzeptes<\/li>\n<li>Aufstellung und Installation<\/li>\n<li>Einweisung in die Funktionen<\/li>\n<li>Support und Aufstellung von Ersatzger\u00e4ten<\/li>\n<\/ul>\n<p>Die f\u00fcr die Luftreiniger angegebenen Preise sind Netto-Preise und sind in Kurzzeit- sowie Langzeitmiete f\u00fcr den Rhein-Sieg-Kreis unterteilt.<\/p>\n<p>Bei Lieferungen an Wochenenden und au\u00dferhalb des Rhein-Sieg-Kreises bitte gesonderte Transportkosten erfragen!<\/p>\n<p>F\u00fcr Bestellungen nehmen Sie bitte Kontakt mit uns auf oder verwenden unser <a href=\"https:\/\/www.allcool.de\/bestellung-mietgeraete\/\"><strong>Bestellformular<\/strong><\/a>.\n<\/div>\n<\/div>\n<p>[\/et_pb_accordion_item][et_pb_accordion_item title=&#8220;Kauf des Ger\u00e4tes&#8220; _builder_version=&#8220;4.17.6&#8243; _module_preset=&#8220;default&#8220; background_color=&#8220;#d4e5f5&#8243; background_enable_color=&#8220;on&#8220; custom_margin=&#8220;||3px||false|false&#8220; custom_padding=&#8220;5px|5px|5px|5px|false|false&#8220; global_colors_info=&#8220;{}&#8220; toggle_line_height=&#8220;1.5em&#8220; open=&#8220;off&#8220;]<\/p>\n<p style=\"text-align: center;\"><a href='https:\/\/www.allcool.de\/shop\/luftreiniger-x80-x-l.html' class='small-button small#2e75b6' target=\"_blank\">zum Onlineshop<\/a><\/p>\n<p>[\/et_pb_accordion_item][\/et_pb_accordion][\/et_pb_column][et_pb_column type=&#8220;1_2&#8243; _builder_version=&#8220;4.16&#8243; _module_preset=&#8220;default&#8220; global_colors_info=&#8220;{}&#8220;][et_pb_image src=&#8220;https:\/\/trocis-showroom.de\/allcool\/wp-content\/uploads\/sites\/4\/2022\/04\/luftreiniger-x80.png&#8220; title_text=&#8220;luftreiniger-x80&#8243; _builder_version=&#8220;4.16.1&#8243; _module_preset=&#8220;default&#8220; global_colors_info=&#8220;{}&#8220;][\/et_pb_image][\/et_pb_column][\/et_pb_row][\/et_pb_section][et_pb_section fb_built=&#8220;1&#8243; admin_label=&#8220;Luftreiniger X 200&#8243; _builder_version=&#8220;4.16.1&#8243; _module_preset=&#8220;default&#8220; custom_padding=&#8220;30px||30px||false|false&#8220; custom_css_main_element=&#8220;margin: 0;||padding: 0;||&#8220; global_colors_info=&#8220;{}&#8220;][et_pb_row column_structure=&#8220;1_2,1_2&#8243; admin_label=&#8220;Luftreiniger X 200&#8243; _builder_version=&#8220;4.16.1&#8243; _module_preset=&#8220;default&#8220; global_colors_info=&#8220;{}&#8220;][et_pb_column type=&#8220;1_2&#8243; _builder_version=&#8220;4.16&#8243; _module_preset=&#8220;default&#8220; global_colors_info=&#8220;{}&#8220;][et_pb_text admin_label=&#8220;Daten&#8220; _builder_version=&#8220;4.16.1&#8243; _module_preset=&#8220;default&#8220; header_3_font=&#8220;|700|||||||&#8220; header_3_text_color=&#8220;#2e75b6&#8243; header_3_font_size=&#8220;16px&#8220; header_3_line_height=&#8220;1.7em&#8220; custom_margin=&#8220;||0px||false|false&#8220; custom_padding=&#8220;||10px||false|false&#8220; global_colors_info=&#8220;{}&#8220;]<\/p>\n<h3>Luftreiniger X 200<\/h3>\n<p>Bestellnummer: X 200<br \/>Au\u00dfenma\u00dfe (L x B x H): 490 x 980 x 1.570 mm<br \/>Ger\u00e4uschpegel: 20 \u2013 55 dB(A)<br \/>Raumgr\u00f6\u00dfe: ca. 200 m\u00b2<br \/>5 Stufen Filtration: G4 Vorfilter, F7 Feinfilter, H14 HEPA, Aktivkohle, Nachfilter<br \/>Gewicht: ca. 89 kg<br \/>Luftfilterleistung: Stufenlos regelbar von ca. 200 \u2013 3300 m\u00b3\/h<br \/>Anschlusswerte: 220-240V (110 Volt m\u00f6glich)<br \/>Motor: 750 Watt (maximale Stromaufnahme)<\/p>\n<p>[\/et_pb_text][et_pb_accordion open_toggle_text_color=&#8220;#2e75b6&#8243; icon_color=&#8220;#2e75b6&#8243; _builder_version=&#8220;4.18.0&#8243; _module_preset=&#8220;default&#8220; toggle_text_color=&#8220;#2e75b6&#8243; toggle_text_align=&#8220;center&#8220; toggle_font_size=&#8220;14px&#8220; background_color=&#8220;#ffffff&#8220; width=&#8220;72%&#8220; width_tablet=&#8220;70%&#8220; width_phone=&#8220;90%&#8220; width_last_edited=&#8220;on|phone&#8220; custom_margin=&#8220;||||false|false&#8220; hover_enabled=&#8220;0&#8243; custom_css_after=&#8220;color: #2e75b6;&#8220; custom_css_toggle_title=&#8220;padding-right: 20px;&#8220; border_radii=&#8220;on|10px|10px|10px|10px&#8220; border_color_all=&#8220;#2e75b6&#8243; global_colors_info=&#8220;{}&#8220; sticky_enabled=&#8220;0&#8243;][et_pb_accordion_item title=&#8220;Kurzzeitmiete (mindestens 7 Tage)&#8220; open=&#8220;on&#8220; _builder_version=&#8220;4.16.1&#8243; _module_preset=&#8220;default&#8220; background_color=&#8220;#ffffff&#8220; background_enable_color=&#8220;on&#8220; custom_margin=&#8220;||3px||false|false&#8220; custom_padding=&#8220;5px|5px|5px|5px|false|false&#8220; global_colors_info=&#8220;{}&#8220; toggle_line_height=&#8220;1.5em&#8220;]<\/p>\n<div class=\"et_pb_module et_pb_text et_pb_text_0  et_pb_text_align_left et_pb_bg_layout_light\">\n<div class=\"et_pb_text_inner\">\n<p>Preis:\u00a0<strong>45 \u20ac pro Tag<\/strong><\/p>\n<\/div>\n<\/div>\n<div class=\"et_pb_module et_pb_text et_pb_text_1  et_pb_text_align_left et_pb_bg_layout_light\">\n<div class=\"et_pb_text_inner\">\n<p>Der angegebene Preis gilt pro Tag f\u00fcr die Mietzeit von mindestens 7 Tagen zzgl. Mehrwertsteuer und inklusive Transport f\u00fcr den Rhein-Sieg-Kreis.<\/p>\n<\/div>\n<\/div>\n<p>[\/et_pb_accordion_item][et_pb_accordion_item title=&#8220;Langzeitmiete (mindestens 3 Monate)&#8220; _builder_version=&#8220;4.16.1&#8243; _module_preset=&#8220;default&#8220; background_color=&#8220;#ffffff&#8220; background_enable_color=&#8220;on&#8220; custom_margin=&#8220;||3px||false|false&#8220; custom_padding=&#8220;5px|5px|5px|5px|false|false&#8220; global_colors_info=&#8220;{}&#8220; toggle_line_height=&#8220;1.5em&#8220; open=&#8220;off&#8220;]<\/p>\n<div class=\"et_pb_module et_pb_text et_pb_text_0  et_pb_text_align_left et_pb_bg_layout_light\">\n<div class=\"et_pb_text_inner\">\n<p>Preis:\u00a0<strong>490 \u20ac pro Monat<\/strong><\/p>\n<\/div>\n<\/div>\n<div class=\"et_pb_module et_pb_text et_pb_text_1  et_pb_text_align_left et_pb_bg_layout_light\">\n<div class=\"et_pb_text_inner\">\n<p>Der angegebene Preis gilt pro Monat f\u00fcr die Mietzeit von mindestens 3 Monaten zzgl. Mehrwertsteuer und inklusive Transport f\u00fcr den Rhein-Sieg-Kreis.<\/p>\n<\/div>\n<\/div>\n<p>[\/et_pb_accordion_item][et_pb_accordion_item title=&#8220;Mietleistungen&#8220; open=&#8220;on&#8220; _builder_version=&#8220;4.18.0&#8243; _module_preset=&#8220;default&#8220; background_color=&#8220;#ffffff&#8220; background_enable_color=&#8220;on&#8220; custom_margin=&#8220;||3px||false|false&#8220; custom_padding=&#8220;5px|5px|5px|5px|false|false&#8220; hover_enabled=&#8220;0&#8243; global_colors_info=&#8220;{}&#8220; toggle_line_height=&#8220;1.5em&#8220; sticky_enabled=&#8220;0&#8243;]<\/p>\n<div class=\"et_pb_module et_pb_text et_pb_text_0  et_pb_text_align_left et_pb_bg_layout_light\">\n<div class=\"et_pb_text_inner\">\n<p>Der in unserem Mietkatalog angegebene Mietpreis f\u00fcr Luftreiniger beinhaltet:<\/p>\n<ul style=\"margin-left: 5px;\">\n<li>Pers\u00f6nliche Anlieferung und Abholung der Ger\u00e4te<\/li>\n<li>Planung und Erstellung eines Raumkonzeptes<\/li>\n<li>Aufstellung und Installation<\/li>\n<li>Einweisung in die Funktionen<\/li>\n<li>Support und Aufstellung von Ersatzger\u00e4ten<\/li>\n<\/ul>\n<p>Die f\u00fcr die Luftreiniger angegebenen Preise sind Netto-Preise und sind in Kurzzeit- sowie Langzeitmiete f\u00fcr den Rhein-Sieg-Kreis unterteilt.<\/p>\n<p>Bei Lieferungen an Wochenenden und au\u00dferhalb des Rhein-Sieg-Kreises bitte gesonderte Transportkosten erfragen!<\/p>\n<p>F\u00fcr Bestellungen nehmen Sie bitte Kontakt mit uns auf oder verwenden unser <a href=\"https:\/\/www.allcool.de\/bestellung-mietgeraete\/\"><strong>Bestellformular<\/strong><\/a>.\n<\/div>\n<\/div>\n<p>[\/et_pb_accordion_item][et_pb_accordion_item title=&#8220;Kauf des Ger\u00e4tes&#8220; _builder_version=&#8220;4.16.1&#8243; _module_preset=&#8220;default&#8220; background_color=&#8220;#ffffff&#8220; background_enable_color=&#8220;on&#8220; custom_margin=&#8220;||3px||false|false&#8220; custom_padding=&#8220;5px|5px|5px|5px|false|false&#8220; global_colors_info=&#8220;{}&#8220; toggle_line_height=&#8220;1.5em&#8220; open=&#8220;off&#8220;]<\/p>\n<p style=\"text-align: center;\"><a href='https:\/\/www.allcool.de\/shop\/luftreiniger-x200-x-l.html' class='small-button small#2e75b6' target=\"_blank\">zum Onlineshop<\/a><\/p>\n<p>[\/et_pb_accordion_item][\/et_pb_accordion][\/et_pb_column][et_pb_column type=&#8220;1_2&#8243; _builder_version=&#8220;4.16&#8243; _module_preset=&#8220;default&#8220; global_colors_info=&#8220;{}&#8220;][et_pb_image src=&#8220;https:\/\/trocis-showroom.de\/allcool\/wp-content\/uploads\/sites\/4\/2022\/04\/luftreiniger-x200.png&#8220; title_text=&#8220;luftreiniger-x200&#8243; _builder_version=&#8220;4.16.1&#8243; _module_preset=&#8220;default&#8220; global_colors_info=&#8220;{}&#8220;][\/et_pb_image][\/et_pb_column][\/et_pb_row][\/et_pb_section]<\/p>\n","protected":false},"excerpt":{"rendered":"<p>Luftreiniger TLR1 Bestellnummer: TLR1Au\u00dfenma\u00dfe (L x B x H): ca. 300 x 275 x 1.025 mmGer\u00e4uschpegel: 30 dB(A)Raumgr\u00f6\u00dfe: ca. 50 m\u00b2Gewicht: ca. 22 kgAnschlusswerte: 220-240V (110 Volt m\u00f6glich)Filtration: UV-C Leuchte Preis:\u00a010 \u20ac pro Tag Der angegebene Preis gilt pro Tag f\u00fcr die Mietzeit von mindestens 7 Tagen zzgl. Mehrwertsteuer und inklusive Transport f\u00fcr den Rhein-Sieg-Kreis. [&hellip;]<\/p>\n","protected":false},"author":1,"featured_media":0,"parent":0,"menu_order":0,"comment_status":"closed","ping_status":"closed","template":"","meta":{"_et_pb_use_builder":"on","_et_pb_old_content":"","_et_gb_content_width":"","footnotes":""},"class_list":["post-645","page","type-page","status-publish","hentry"],"_links":{"self":[{"href":"https:\/\/trocis-showroom.de\/allcool\/wp-json\/wp\/v2\/pages\/645","targetHints":{"allow":["GET"]}}],"collection":[{"href":"https:\/\/trocis-showroom.de\/allcool\/wp-json\/wp\/v2\/pages"}],"about":[{"href":"https:\/\/trocis-showroom.de\/allcool\/wp-json\/wp\/v2\/types\/page"}],"author":[{"embeddable":true,"href":"https:\/\/trocis-showroom.de\/allcool\/wp-json\/wp\/v2\/users\/1"}],"replies":[{"embeddable":true,"href":"https:\/\/trocis-showroom.de\/allcool\/wp-json\/wp\/v2\/comments?post=645"}],"version-history":[{"count":42,"href":"https:\/\/trocis-showroom.de\/allcool\/wp-json\/wp\/v2\/pages\/645\/revisions"}],"predecessor-version":[{"id":3728,"href":"https:\/\/trocis-showroom.de\/allcool\/wp-json\/wp\/v2\/pages\/645\/revisions\/3728"}],"wp:attachment":[{"href":"https:\/\/trocis-showroom.de\/allcool\/wp-json\/wp\/v2\/media?parent=645"}],"curies":[{"name":"wp","href":"https:\/\/api.w.org\/{rel}","templated":true}]}}